{"id":222,"date":"2017-05-25T11:22:03","date_gmt":"2017-05-25T11:22:03","guid":{"rendered":"http:\/\/cinephone.es\/?page_id=222"},"modified":"2021-02-08T09:45:14","modified_gmt":"2021-02-08T09:45:14","slug":"ediciones-anteriores-antigua","status":"publish","type":"page","link":"https:\/\/cinephone.es\/en\/ediciones-anteriores-antigua\/","title":{"rendered":"Previous Editions"},"content":{"rendered":"<p>[vc_row css=\".vc_custom_1496919271871{margin-top: -30px !important;margin-bottom: -80px !important;}\"][vc_column][vc_empty_space][vc_custom_heading source=\"post_title\" font_container=\"tag:h1|font_size:45|text_align:center\" google_fonts=\"font_family:Montserrat%3Aregular%2C700|font_style:700%20bold%20regular%3A700%3Anormal\" css_animation=\"fadeIn\"][\/vc_column][\/vc_row][vc_row][vc_column][vc_tta_tabs style=\"flat\" shape=\"square\" color=\"black\" active_section=\"1\" css=\".vc_custom_1496137645516{margin-top: -100px !important;}\"][vc_tta_section title=\"2020\" tab_id=\"1496413693422-0399232f-97cf\"][vc_empty_space height=\"40\"][vc_custom_heading text=\"2020\" font_container=\"tag:h2|text_align:center|color:%23ffffff\" google_fonts=\"font_family:Montserrat%3Aregular%2C700|font_style:400%20regular%3A400%3Anormal\"][vc_empty_space height=\"25\"][vc_separator][vc_custom_heading text=\"THE JURY\" font_container=\"tag:h4|font_size:40|text_align:center|color:%23ffffff\" google_fonts=\"font_family:Montserrat%3Aregular%2C700|font_style:400%20regular%3A400%3Anormal\" css_animation=\"fadeIn\"][vc_empty_space height=\"40\"][vc_row_inner][vc_column_inner width=\"1\/2\"][vc_single_image image=\"1464\" alignment=\"center\" style=\"vc_box_shadow_circle_2\" css_animation=\"bounceIn\"][vc_custom_heading text=\"Dani Noblom\" font_container=\"tag:p|font_size:25|text_align:center|color:%23ffffff\" google_fonts=\"font_family:Montserrat%3Aregular%2C700|font_style:400%20regular%3A400%3Anormal\" css_animation=\"fadeIn\"][vc_column_text css_animation=\"fadeIn\"]<\/p>\n<p style=\"text-align: center;\">\u201cAfter graduating in Advertising and Public Relations (UB, 2012), Daniel<br \/>\nNoblom graduated in Film Directing from the Escuela de Cine de<br \/>\nBarcelona (ECIB, 2015) and specializes in screenwriting with the Master of Scriptwriting<br \/>\nFilm and Television of the ECIB and specialized courses of the school<br \/>\nShowrunners BCN.<br \/>\nIn the audiovisual field, it is in the short film sector where it has been<br \/>\nmore seasoned, either co-writing with fellow directors or<br \/>\ndirecting own projects. In this aspect, * Blunderbuss and pistols * stand out.<br \/>\n(2016) and * Not suitable for minors * (2019), currently in distribution by<br \/>\nfestivals and that already accumulates forty selections and nine awards.<br \/>\nHe has also worked as a script analyst and has set foot in the world<br \/>\ntheater writing and directing eight micro-drama plays, as well as<br \/>\ncollaborating with the Molins de Rei Horror Film Festival as<br \/>\ndirector of the performances of the 12 hour marathon. Is currently<br \/>\nscreenwriting and film language teacher at the Catalonia Film School. \"<\/p>\n<p>[\/vc_column_text][\/vc_column_inner][vc_column_inner width=\"1\/2\"][vc_single_image image=\"1462\" alignment=\"center\" style=\"vc_box_shadow_circle_2\" css_animation=\"bounceIn\"][vc_custom_heading text=\"Saida Herrero\" font_container=\"tag:p|font_size:25|text_align:center\" google_fonts=\"font_family:Montserrat%3Aregular%2C700|font_style:400%20regular%3A400%3Anormal\" css_animation=\"fadeIn\"][vc_column_text css_animation=\"fadeIn\"]<\/p>\n<p style=\"text-align: center;\">Graduated in Audiovisual Communication from the University of Seville, with<br \/>\nstay at the Pompeu Fabra University to deepen the analysis of<br \/>\naudiovisual narrative.<\/p>\n<p style=\"text-align: center;\">Specialty in transmedia narrative and winner of the Nar_Trans Award for<br \/>\nBest Transmedia Production, awarded by the University of Granada. He has<br \/>\nparticipated with lectures on narrative, serial fiction and fan phenomenon in<br \/>\nevents such as Sevilla Ficci\u00f3n, Mangafest Sevilla, Idecrea Design School<br \/>\nfrom Valencia, Birraseries Lucena (C\u00f3rdoba), among others.<\/p>\n<p style=\"text-align: center;\">He has collaborated with reviews and analysis in media such as La Casa de EL, in addition<br \/>\nto participate in the podcast. He co-directs and announces the Patronus podcast<br \/>\nUnplugged, specialized in the analysis of the magical world of Harry Potter.<\/p>\n<p style=\"text-align: center;\">He currently combines work as a Content Writer at the INNN Agency of<br \/>\nadvertising with the editing of videos in the H\u00e9roes de Papel publishing house and the<br \/>\nwriting of his first informative book.<\/p>\n<p style=\"text-align: center;\">It also has an academic research profile and is developing its<br \/>\ndoctoral thesis in Audiovisual Communication. It has several publications<br \/>\nacademic specialty in narrative and participation in congresses of the<br \/>\naudiovisual field.<\/p>\n<p>[\/vc_column_text][\/vc_column_inner][\/vc_row_inner][vc_empty_space height=\"60\"][vc_row_inner][vc_column_inner width=\"1\/2\"][vc_single_image image=\"1463\" alignment=\"center\" style=\"vc_box_shadow_circle_2\" css_animation=\"bounceIn\"][vc_custom_heading text=\"Ricardo Rosado\" font_container=\"tag:p|font_size:25|text_align:center|color:%23ffffff\" google_fonts=\"font_family:Montserrat%3Aregular%2C700|font_style:400%20regular%3A400%3Anormal\" css_animation=\"fadeIn\"][vc_column_text css_animation=\"fadeIn\"]<\/p>\n<p style=\"text-align: center;\">- Editor and film critic for Fotogramas magazine.<\/p>\n<p style=\"text-align: center;\">- Cultural collaborator in \u2018El Faro\u2019 (Cadena SER) and \u2018We are in cinema\u2019 (CMMedia).<\/p>\n<p style=\"text-align: center;\">- He has written on the websites of media such as Esquire and ScifiWorld.<\/p>\n<p style=\"text-align: center;\">- Creator of the film critic blog ComboDuoPlus.com<\/p>\n<p style=\"text-align: center;\">- Host of the cultural podcast \u2018Los de al lado de Pumares\u2019.<\/p>\n<p style=\"text-align: center;\">- It made Will Ferrell, Jack Black and Dwayne Johnson laugh.<\/p>\n<p style=\"text-align: center;\"><strong>more info in:<\/strong><\/p>\n<p style=\"text-align: center;\"><a href=\"https:\/\/www.fotogramas.es\/author\/630009\/ricardo-rosado\/\">https:\/\/www.fotogramas.es\/author\/630009\/ricardo-rosado\/<\/a><\/p>\n<p style=\"text-align: center;\"><a href=\"https:\/\/www.esquire.com\/es\/author\/630009\/ricardo-rosado\/\">https:\/\/www.esquire.com\/es\/author\/630009\/ricardo-rosado\/<\/a><\/p>\n<p style=\"text-align: center;\"><a class=\"twitter-timeline\" href=\"https:\/\/twitter.com\/ComboDuoPlus?ref_src=twsrc%5Etfw\" data-width=\"500\" data-height=\"750\">Tweets by ComboDuoPlus<\/a><\/p>\n<p style=\"text-align: center;\"><a href=\"https:\/\/www.ivoox.com\/podcast-de-al-lado-pumares_sq_f1627488_1.html\">https:\/\/www.ivoox.com\/podcast-de-al-lado-pumares_sq_f1627488_1.html<\/a><\/p>\n<p>[\/vc_column_text][\/vc_column_inner][\/vc_row_inner][vc_empty_space height=\"15\"][vc_separator][vc_custom_heading text=\"AWARDS\" font_container=\"tag:h4|font_size:40|text_align:center|color:%23ffffff\" google_fonts=\"font_family:Montserrat%3Aregular%2C700|font_style:400%20regular%3A400%3Anormal\" css_animation=\"fadeIn\"][vc_empty_space height=\"40\"][vc_row_inner][vc_column_inner width=\"1\/6\"][\/vc_column_inner][vc_column_inner width=\"2\/3\"][vc_images_carousel images=\"1565,1566,1564,1563,1562,1561,1560\" img_size=\"full\" onclick=\"link_no\" autoplay=\"yes\" hide_prev_next_buttons=\"yes\"][\/vc_column_inner][vc_column_inner width=\"1\/6\"][\/vc_column_inner][\/vc_row_inner][vc_empty_space height=\"40\"][vc_row_inner][vc_column_inner width=\"1\/4\"][\/vc_column_inner][vc_column_inner width=\"1\/4\"][vc_column_text css_animation=\"bounceIn\"]<\/p>\n<h5><span style=\"color: #ffffff;\"><strong>TITLE<\/strong><\/span><\/h5>\n<p>[\/vc_column_text][\/vc_column_inner][vc_column_inner width=\"1\/4\"][vc_column_text css_animation=\"bounceIn\"]<\/p>\n<h5><span style=\"color: #ffffff;\"><strong>PRODUCTORA<\/strong><\/span><\/h5>\n<p>[\/vc_column_text][\/vc_column_inner][vc_column_inner width=\"1\/4\"][vc_column_text css_animation=\"bounceIn\"]<\/p>\n<h5><span style=\"color: #ffffff;\"><strong>PA\u00cdS<\/strong><\/span><\/h5>\n<p>[\/vc_column_text][\/vc_column_inner][\/vc_row_inner][vc_separator][vc_row_inner][vc_column_inner width=\"1\/4\"][vc_column_text css_animation=\"bounceIn\"]<strong>1st Prize<\/strong>[\/vc_column_text][\/vc_column_inner][vc_column_inner width=\"1\/4\"][vc_column_text css_animation=\"bounceIn\"]<span style=\"color: #b30000;\"><strong>Fantasmas<br \/>\n<\/strong><\/span>[\/vc_column_text][\/vc_column_inner][vc_column_inner width=\"1\/4\"][vc_column_text css_animation=\"bounceIn\"]Diego Escobar y Natalia Varela[\/vc_column_text][\/vc_column_inner][vc_column_inner width=\"1\/4\"][vc_column_text css_animation=\"bounceIn\"]El Salvador[\/vc_column_text][\/vc_column_inner][\/vc_row_inner][vc_separator][vc_row_inner][vc_column_inner width=\"1\/4\"][vc_column_text css_animation=\"bounceIn\"]Best Spanish Film[\/vc_column_text][\/vc_column_inner][vc_column_inner width=\"1\/4\"][vc_column_text css_animation=\"bounceIn\"]<span style=\"color: #b30000;\"><strong>El gato y el rat\u00f3n<br \/>\n<\/strong><\/span>[\/vc_column_text][\/vc_column_inner][vc_column_inner width=\"1\/4\"][vc_column_text css_animation=\"bounceIn\"]David y Carlos Pe\u00f1aranda[\/vc_column_text][\/vc_column_inner][vc_column_inner width=\"1\/4\"][vc_column_text css_animation=\"bounceIn\"]Spain[\/vc_column_text][\/vc_column_inner][\/vc_row_inner][vc_separator][vc_row_inner][vc_column_inner width=\"1\/4\"][vc_column_text css_animation=\"bounceIn\"]<strong>Best Film Fiction<br \/>\n<\/strong>[\/vc_column_text][\/vc_column_inner][vc_column_inner width=\"1\/4\"][vc_column_text css_animation=\"bounceIn\"]<span style=\"color: #b30000;\"><strong>Fantasmas<br \/>\n<\/strong><\/span>[\/vc_column_text][\/vc_column_inner][vc_column_inner width=\"1\/4\"][vc_column_text css_animation=\"bounceIn\"]Diego Escobar y Natalia Varela[\/vc_column_text][\/vc_column_inner][vc_column_inner width=\"1\/4\"][vc_column_text css_animation=\"bounceIn\"]El Salvador[\/vc_column_text][\/vc_column_inner][\/vc_row_inner][vc_separator][vc_row_inner][vc_column_inner width=\"1\/4\"][vc_column_text css_animation=\"bounceIn\"]<strong>Best Film Documentary<br \/>\n<\/strong>[\/vc_column_text][\/vc_column_inner][vc_column_inner width=\"1\/4\"][vc_column_text css_animation=\"bounceIn\"]<span style=\"color: #b30000;\"><strong>The Deepest Cut<br \/>\n<\/strong><\/span>[\/vc_column_text][\/vc_column_inner][vc_column_inner width=\"1\/4\"][vc_column_text css_animation=\"bounceIn\"]Alexandra Guillosou[\/vc_column_text][\/vc_column_inner][vc_column_inner width=\"1\/4\"][vc_column_text css_animation=\"bounceIn\"]USA[\/vc_column_text][\/vc_column_inner][\/vc_row_inner][vc_separator][vc_row_inner][vc_column_inner width=\"1\/4\"][vc_column_text css_animation=\"bounceIn\"]<strong>Best Musical Video<br \/>\n<\/strong>[\/vc_column_text][\/vc_column_inner][vc_column_inner width=\"1\/4\"][vc_column_text css_animation=\"bounceIn\"]<span style=\"color: #b30000;\"><strong>Too young<br \/>\n<\/strong><\/span>[\/vc_column_text][\/vc_column_inner][vc_column_inner width=\"1\/4\"][vc_column_text css_animation=\"bounceIn\"]Colin Babcock[\/vc_column_text][\/vc_column_inner][vc_column_inner width=\"1\/4\"][vc_column_text css_animation=\"bounceIn\"]USA[\/vc_column_text][\/vc_column_inner][\/vc_row_inner][vc_separator][vc_row_inner][vc_column_inner width=\"1\/4\"][vc_column_text css_animation=\"bounceIn\"]Best Feature Film[\/vc_column_text][\/vc_column_inner][vc_column_inner width=\"1\/4\"][vc_column_text css_animation=\"bounceIn\"]<span style=\"color: #b30000;\"><strong>Blue Moon<br \/>\n<\/strong><\/span>[\/vc_column_text][\/vc_column_inner][vc_column_inner width=\"1\/4\"][vc_column_text css_animation=\"bounceIn\"]Stefen Harris[\/vc_column_text][\/vc_column_inner][vc_column_inner width=\"1\/4\"][vc_column_text css_animation=\"bounceIn\"]USA[\/vc_column_text][\/vc_column_inner][\/vc_row_inner][vc_empty_space height=\"40\"][\/vc_tta_section][vc_tta_section title=\"2019\" tab_id=\"1610439884679-f0016a7e-6d0c\"][vc_empty_space height=\"40\"][vc_custom_heading text=\"2019\" font_container=\"tag:h2|text_align:center|color:%23ffffff\" google_fonts=\"font_family:Montserrat%3Aregular%2C700|font_style:400%20regular%3A400%3Anormal\"][vc_empty_space height=\"25\"][vc_separator][vc_custom_heading text=\"THE JURY\" font_container=\"tag:h4|font_size:40|text_align:center|color:%23ffffff\" google_fonts=\"font_family:Montserrat%3Aregular%2C700|font_style:400%20regular%3A400%3Anormal\" css_animation=\"fadeIn\"][vc_empty_space height=\"40\"][vc_row_inner][vc_column_inner width=\"1\/2\"][vc_single_image image=\"1269\" alignment=\"center\" style=\"vc_box_shadow_circle_2\" css_animation=\"bounceIn\"][vc_custom_heading text=\"Agust\u00ed Argelich\" font_container=\"tag:p|font_size:25|text_align:center|color:%23ffffff\" google_fonts=\"font_family:Montserrat%3Aregular%2C700|font_style:400%20regular%3A400%3Anormal\" css_animation=\"fadeIn\"][vc_column_text css_animation=\"fadeIn\"]<\/p>\n<div class=\"oSioSc\">\n<div id=\"tw-target\">\n<div id=\"kAz1tf\" class=\"g9WsWb\">\n<div id=\"tw-target-text-container\" class=\"tw-ta-container tw-nfl\" tabindex=\"0\">\n<p id=\"tw-target-text\" class=\"tw-data-text tw-text-large tw-ta\" dir=\"ltr\" style=\"text-align: center;\" data-placeholder=\"Traducci\u00f3n\"><span lang=\"en\">Director of the BCN Sports Film Festival Artistic Director FILMETS Badalona Film Festival Programmer of the Mostra de Curtmetratges SUBTRAVELLING - TMB Director of the Curtcircuit 33 program - Televisi\u00f3 de Catalunya Member of the Board of ACC Acad\u00e8mia del Cinema Catal\u00e0 and CFF Catalunya Film Festivals.<\/span><\/p>\n<p class=\"tw-data-text tw-text-large tw-ta\" dir=\"ltr\" style=\"text-align: center;\" data-placeholder=\"Traducci\u00f3n\"><span lang=\"en\"> Producer and producer of short films, he has been a jury, has participated in round tables and conferences in the Short Film Corner (Cannes), Clermont-Ferrand (France), Off-Courts Trouville (France), Regard Saguenay (Quebec), Imaginenative Toronto ( Canada), Tr\u00e8s-Courts Aix-en-Provence (France), TSFM Torino Short Film Market (Italy), Filmets Pro (Badalona), MIFA Annecy (France), The meu first festival (Barcelona), etc. <\/span><\/p>\n<p class=\"tw-data-text tw-text-large tw-ta\" dir=\"ltr\" style=\"text-align: center;\" data-placeholder=\"Traducci\u00f3n\"><span lang=\"en\">Jury at the festivals: Roanne Animation (France), TerrorMolins (Catalonia), Barcelona Italian Cinema Show, Cryptshow Badalona, \u200b\u200bMetropoL\u2019His Hospitalet, Bostik Film Festival (Barcelona), Zinemaldia.Cat (Barcelona), Brigadoon Sitges. <\/span><\/p>\n<p class=\"tw-data-text tw-text-large tw-ta\" dir=\"ltr\" style=\"text-align: center;\" data-placeholder=\"Traducci\u00f3n\"><span lang=\"en\">Member of the short film commission of the Gaud\u00ed de l\u2019ACC Awards. <\/span><\/p>\n<p class=\"tw-data-text tw-text-large tw-ta\" dir=\"ltr\" style=\"text-align: center;\" data-placeholder=\"Traducci\u00f3n\"><strong><span lang=\"en\">More info at:<\/span><\/strong><\/p>\n<\/div>\n<\/div>\n<\/div>\n<\/div>\n<p style=\"text-align: center;\"><a href=\"https:\/\/www.festivalfilmets.cat\/es\/\">https:\/\/www.festivalfilmets.cat\/es\/<\/a><\/p>\n<p style=\"text-align: center;\"><a href=\"https:\/\/www.ccma.cat\/tv3\/curtcircuit-33\/\">https:\/\/www.ccma.cat\/tv3\/curtcircuit-33\/<\/a><\/p>\n<p>[\/vc_column_text][\/vc_column_inner][vc_column_inner width=\"1\/2\"][vc_single_image image=\"1270\" alignment=\"center\" style=\"vc_box_shadow_circle_2\" css_animation=\"bounceIn\"][vc_custom_heading text=\"Mireia Mullor\" font_container=\"tag:p|font_size:25|text_align:center\" google_fonts=\"font_family:Montserrat%3Aregular%2C700|font_style:400%20regular%3A400%3Anormal\" css_animation=\"fadeIn\"][vc_column_text css_animation=\"fadeIn\"]<\/p>\n<p style=\"text-align: left;\">Graduated in Journalism from the Autonomous University of Barcelona (UAB) and<br \/>\nspecialized in film criticism with different formations through La<br \/>\nCasa del Cine de Barcelona and the Catalan Critics Association, of the<br \/>\nwho is a member<\/p>\n<p style=\"text-align: left;\">He currently works as a freelance journalist, writing mainly<br \/>\nfor Fotogramas and Esquire magazines, both on paper and on the web. He has<br \/>\ncollaborated in media such as the newspaper El Mundo and Caim\u00e1n. Cinema notebooks,<br \/>\nin the book \u2018Why do we love Pablo Escobar?\u2019, edited by the University<br \/>\nOberta de Catalunya (UOC), and also as part of the programming team<br \/>\nand organization of the Mostra de CineBaix in Sant Feliu de Llobregat.<\/p>\n<p style=\"text-align: left;\">In addition, he has served as a jury of the International Press Federation<br \/>\nCinematographic (FIPRESCI) at the Venice Festival of 2018. Also at the<br \/>\nSitges Festival (International Fantastic Cinema Festival of Catalonia),<br \/>\nas a Young Jury, and at the Murcia Festival (IBAFF), as an official jury<br \/>\nof short films.<\/p>\n<p style=\"text-align: center;\"><strong><span title=\"M\u00e1s info en:\">More info at:<\/span><\/strong><\/p>\n<p style=\"text-align: center;\"><a href=\"https:\/\/www.fotogramas.es\/author\/208537\/mireia-mullor\/\">https:\/\/www.fotogramas.es\/author\/208537\/mireia-mullor\/<\/a><\/p>\n<p style=\"text-align: center;\"><a href=\"https:\/\/www.esquire.com\/es\/author\/208537\/mireia-mullor\/\">https:\/\/www.esquire.com\/es\/author\/208537\/mireia-mullor\/<\/a><\/p>\n<p>[\/vc_column_text][\/vc_column_inner][\/vc_row_inner][vc_empty_space height=\"60\"][vc_row_inner][vc_column_inner width=\"1\/2\"][vc_single_image image=\"1272\" alignment=\"center\" style=\"vc_box_shadow_circle_2\" css_animation=\"bounceIn\"][vc_custom_heading text=\"Vicente Sanch\u00eds\" font_container=\"tag:p|font_size:25|text_align:center|color:%23ffffff\" google_fonts=\"font_family:Montserrat%3Aregular%2C700|font_style:400%20regular%3A400%3Anormal\" css_animation=\"fadeIn\"][vc_column_text css_animation=\"fadeIn\"]<\/p>\n<p style=\"text-align: center;\">Coordinator of the International Independent Film Festival of Elche, preselector festival for the Goya awards.<\/p>\n<p>Propeller for the creation of the Festival Coordinator of the Valencian Community.<\/p>\n<p>He has also been an official jury at the Alicante Film Festival and the Vila Real Cineculpable Festival.<\/p>\n<p>He is the manager of the cultural spaces of Elche within the Project Development Unit of the Caja Mediterr\u00e1neo Foundation, where he manages, among others, the Caja Mediterr\u00e1neo Foundation Literary Awards \"Gabriel Mir\u00f3 Story Contest\" and \"Gabriel Sij\u00e9 Short Novel Contest\"<\/p>\n<p>&nbsp;<\/p>\n<p style=\"text-align: center;\"><strong><span title=\"M\u00e1s info en:\">More info at:<\/span><\/strong><\/p>\n<p style=\"text-align: center;\"><strong><a href=\"http:\/\/www.festivalcineelx.es\/\">http:\/\/www.festivalcineelx.es\/<\/a><\/strong><\/p>\n<p>[\/vc_column_text][\/vc_column_inner][\/vc_row_inner][vc_empty_space height=\"15\"][vc_separator][vc_custom_heading text=\"AWARDS\" font_container=\"tag:h4|font_size:40|text_align:center|color:%23ffffff\" google_fonts=\"font_family:Montserrat%3Aregular%2C700|font_style:400%20regular%3A400%3Anormal\" css_animation=\"fadeIn\"][vc_empty_space height=\"40\"][vc_row_inner][vc_column_inner width=\"1\/6\"][\/vc_column_inner][vc_column_inner width=\"2\/3\"][vc_images_carousel images=\"1360,1372,1371,1375,1367,1365,1361,1373,1368,1376,1370,1369,1377,1383,1382,1381,1380,1379,1378\" img_size=\"full\" onclick=\"link_no\" autoplay=\"yes\" hide_prev_next_buttons=\"yes\"][\/vc_column_inner][vc_column_inner width=\"1\/6\"][\/vc_column_inner][\/vc_row_inner][vc_empty_space height=\"40\"][vc_row_inner][vc_column_inner width=\"1\/4\"][\/vc_column_inner][vc_column_inner width=\"1\/4\"][vc_column_text css_animation=\"bounceIn\"]<\/p>\n<h5><span style=\"color: #ffffff;\"><strong>TITLE<\/strong><\/span><\/h5>\n<p>[\/vc_column_text][\/vc_column_inner][vc_column_inner width=\"1\/4\"][vc_column_text css_animation=\"bounceIn\"]<\/p>\n<h5><span style=\"color: #ffffff;\"><strong>PRODUCTORA<\/strong><\/span><\/h5>\n<p>[\/vc_column_text][\/vc_column_inner][vc_column_inner width=\"1\/4\"][vc_column_text css_animation=\"bounceIn\"]<\/p>\n<h5><span style=\"color: #ffffff;\"><strong>PA\u00cdS<\/strong><\/span><\/h5>\n<p>[\/vc_column_text][\/vc_column_inner][\/vc_row_inner][vc_separator][vc_row_inner][vc_column_inner width=\"1\/4\"][vc_column_text css_animation=\"bounceIn\"]<strong>1st Prize<\/strong>[\/vc_column_text][\/vc_column_inner][vc_column_inner width=\"1\/4\"][vc_column_text css_animation=\"bounceIn\"]<span style=\"color: #b30000;\"><strong>Girls Night<br \/>\n<\/strong><\/span>[\/vc_column_text][\/vc_column_inner][vc_column_inner width=\"1\/4\"][vc_column_text css_animation=\"bounceIn\"]Jacob Salzberg[\/vc_column_text][\/vc_column_inner][vc_column_inner width=\"1\/4\"][vc_column_text css_animation=\"bounceIn\"]United States[\/vc_column_text][\/vc_column_inner][\/vc_row_inner][vc_separator][vc_row_inner][vc_column_inner width=\"1\/4\"][vc_column_text css_animation=\"bounceIn\"]<strong>2nd Prize<\/strong>[\/vc_column_text][\/vc_column_inner][vc_column_inner width=\"1\/4\"][vc_column_text css_animation=\"bounceIn\"]<span style=\"color: #b30000;\"><strong>Sad Sachs<br \/>\n<\/strong><\/span>[\/vc_column_text][\/vc_column_inner][vc_column_inner width=\"1\/4\"][vc_column_text css_animation=\"bounceIn\"]Joel Perlgut[\/vc_column_text][\/vc_column_inner][vc_column_inner width=\"1\/4\"][vc_column_text css_animation=\"bounceIn\"]Australia[\/vc_column_text][\/vc_column_inner][\/vc_row_inner][vc_separator][vc_row_inner][vc_column_inner width=\"1\/4\"][vc_column_text css_animation=\"bounceIn\"]<strong>Best Film Animation<br \/>\n<\/strong>[\/vc_column_text][\/vc_column_inner][vc_column_inner width=\"1\/4\"][vc_column_text css_animation=\"bounceIn\"]<span style=\"color: #b30000;\"><strong>Black Tank<br \/>\n<\/strong><\/span>[\/vc_column_text][\/vc_column_inner][vc_column_inner width=\"1\/4\"][vc_column_text css_animation=\"bounceIn\"]Alberto Basaluzzo[\/vc_column_text][\/vc_column_inner][vc_column_inner width=\"1\/4\"][vc_column_text css_animation=\"bounceIn\"]Italy[\/vc_column_text][\/vc_column_inner][\/vc_row_inner][vc_separator][vc_row_inner][vc_column_inner width=\"1\/4\"][vc_column_text css_animation=\"bounceIn\"]<strong>Best Film Documentary<br \/>\n<\/strong>[\/vc_column_text][\/vc_column_inner][vc_column_inner width=\"1\/4\"][vc_column_text css_animation=\"bounceIn\"]<span style=\"color: #b30000;\"><strong>Walking in our shoes<br \/>\n<\/strong><\/span>[\/vc_column_text][\/vc_column_inner][vc_column_inner width=\"1\/4\"][vc_column_text css_animation=\"bounceIn\"]Cassius Rayner[\/vc_column_text][\/vc_column_inner][vc_column_inner width=\"1\/4\"][vc_column_text css_animation=\"bounceIn\"]United Kingdom[\/vc_column_text][\/vc_column_inner][\/vc_row_inner][vc_separator][vc_row_inner][vc_column_inner width=\"1\/4\"][vc_column_text css_animation=\"bounceIn\"]<strong>Best Spanish Film<br \/>\n<\/strong>[\/vc_column_text][\/vc_column_inner][vc_column_inner width=\"1\/4\"][vc_column_text css_animation=\"bounceIn\"]<span style=\"color: #b30000;\"><strong>Broken<br \/>\n<\/strong><\/span>[\/vc_column_text][\/vc_column_inner][vc_column_inner width=\"1\/4\"][vc_column_text css_animation=\"bounceIn\"]Adamss McGarc\u00eda[\/vc_column_text][\/vc_column_inner][vc_column_inner width=\"1\/4\"][vc_column_text css_animation=\"bounceIn\"]Spain[\/vc_column_text][\/vc_column_inner][\/vc_row_inner][vc_separator][vc_row_inner][vc_column_inner width=\"1\/4\"][vc_column_text css_animation=\"bounceIn\"]<strong>Special Mention<br \/>\n<\/strong>[\/vc_column_text][\/vc_column_inner][vc_column_inner width=\"1\/4\"][vc_column_text css_animation=\"bounceIn\"]<span style=\"color: #b30000;\"><strong>The Reef<br \/>\n<\/strong><\/span>[\/vc_column_text][\/vc_column_inner][vc_column_inner width=\"1\/4\"][vc_column_text css_animation=\"bounceIn\"]Sven Dreesbach[\/vc_column_text][\/vc_column_inner][vc_column_inner width=\"1\/4\"][vc_column_text css_animation=\"bounceIn\"]United States[\/vc_column_text][\/vc_column_inner][\/vc_row_inner][vc_empty_space height=\"40\"][\/vc_tta_section][vc_tta_section title=\"2018\" tab_id=\"1579616976909-fda005b0-18ba\"][vc_empty_space height=\"40\"][vc_custom_heading text=\"2018\" font_container=\"tag:h2|text_align:center|color:%23ffffff\" google_fonts=\"font_family:Montserrat%3Aregular%2C700|font_style:400%20regular%3A400%3Anormal\"][vc_empty_space height=\"25\"][vc_separator][vc_custom_heading text=\"THE JURY\" font_container=\"tag:h4|font_size:40|text_align:center|color:%23ffffff\" google_fonts=\"font_family:Montserrat%3Aregular%2C700|font_style:400%20regular%3A400%3Anormal\" css_animation=\"fadeIn\"][vc_empty_space height=\"40\"][vc_row_inner][vc_column_inner width=\"1\/2\"][vc_single_image image=\"1078\" alignment=\"center\" style=\"vc_box_shadow_circle_2\" css_animation=\"bounceIn\"][vc_custom_heading text=\"Judith Colell\" font_container=\"tag:p|font_size:25|text_align:center|color:%23ffffff\" google_fonts=\"font_family:Montserrat%3Aregular%2C700|font_style:400%20regular%3A400%3Anormal\" css_animation=\"fadeIn\"][vc_column_text css_animation=\"fadeIn\"]<\/p>\n<p style=\"text-align: center;\">Judith Colell was born in Barcelona in 1968.<\/p>\n<p style=\"text-align: center;\">Graduated of Art History and Certificate in Film at the University of New York.<\/p>\n<p style=\"text-align: center;\">He has directed the feature films \"The domain of the senses (Collective),\" Women \"(2001) awarded at the Festival of Sitges Film, Lorca and Vitoria among others, '53 days of winter '(2007) presented at the Film Festival of San Sebasti\u00e1n, best actress at the Toulouse Festival and nominated 10 Barcelona awards and \"Elisa K\" (2010), which won the special jury prize at San Sebastian Film Festival, Special Mention of the Jury in Nantes, National Culture Award of the Generalitat of Catalonia, nominated for 5 Gaud\u00ed awards and Goya for best adapted script among other awards.<\/p>\n<p style=\"text-align: center;\">\"Positivos\" (2008), \"Fragmentos\" (2003), \"Radiaciones\" (2012) and \"El \u00faltimo baile de Carmen Amaya\" (2014) are the films he has directed for television.<\/p>\n<p style=\"text-align: center;\">He has been vice president of the Academy of Arts and Sciences of Spain from 2011-2015 and is currently a member of the Board.<\/p>\n<p style=\"text-align: center;\">She is director in Audiovisual Communication and professor at Blanquerna, Ramon Llull University of Barcelona.<\/p>\n<p style=\"text-align: center;\"><strong>More info at:<\/strong><\/p>\n<p style=\"text-align: center;\"><a href=\"https:\/\/www.imdb.com\/name\/nm0170888\/\">https:\/\/www.imdb.com\/name\/nm0170888\/<\/a><\/p>\n<p>[\/vc_column_text][\/vc_column_inner][vc_column_inner width=\"1\/2\"][vc_single_image image=\"1079\" alignment=\"center\" style=\"vc_box_shadow_circle_2\" css_animation=\"bounceIn\"][vc_custom_heading text=\"Toni Bestard\" font_container=\"tag:p|font_size:25|text_align:center\" google_fonts=\"font_family:Montserrat%3Aregular%2C700|font_style:400%20regular%3A400%3Anormal\" css_animation=\"fadeIn\"][vc_column_text css_animation=\"fadeIn\"]<\/p>\n<p style=\"text-align: center;\"><span id=\"result_box\" class=\"\" tabindex=\"-1\" lang=\"en\"><span title=\"Diplomado en Direcci\u00f3n de Cine y Realizaci\u00f3n de Televisi\u00f3n por la Escuela Universitaria de Artes y Espect\u00e1culos de Madrid (TAI), trabaja en el mundo audiovisual desde el a\u00f1o 1999. \">Diplomated in Film Direction and Television Production from the University School of Arts and Entertainment of Madrid (TAI), works in the audiovisual world since 1999.<\/span><\/span><\/p>\n<p><span title=\"Director importante en el mundo del cortometraje y el documental, sus trabajos en este campo recibieron m\u00e1s de 150 premios y tres \">An important director in the world of short films and documentaries, his work in this field received more than 150 awards and three<br \/>\n<\/span><span title=\"nominaciones a los Premios Goya. \">nominations for the Goya Awards.<\/span><\/p>\n<p><span title=\"Su primera pel\u00edcula de ficci\u00f3n fue \u201cEl perfecto desconocido\u201d (2012), seleccionada en el Festival Internacional de Cine de \">His first fiction film was \"El perfecto desconocido\" (2012), selected at the International Film Festival of<br \/>\n<\/span><span title=\"Busan (Corea del Sur), en el Festival Internacional de Cine de Palm Springs (EE.UU.) y en la Secci\u00f3n \">Busan (South Korea), at the Palm Springs International Film Festival (USA) and the Section<br \/>\n<\/span><span title=\"Oficial de la Seminci (Festival de Valladolid), entre otros. \">Official of the Seminci (Festival of Valladolid), among others.<\/span><\/p>\n<p><span title=\"Mejor \u00d3pera Prima Internacional en el Festival de Galway (Irlanda). \">Best International Premium Opera at the Galway Festival (Ireland).<br \/>\n<\/span><span title=\"En el a\u00f1o 2015 estren\u00f3 el largometraje documental \u201cI am your \">In 2015 he premiered the documentary feature film \"I am your<br \/>\n<\/span><span title=\"father\u201d, nominado Mejor Largometraje Documental en los Premios Goya, Premios Jos\u00e9 Mar\u00eda Forqu\u00e9 y Premios del C\u00edrculo de Escritores Cinematogr\u00e1ficos de Espa\u00f1a. \">father \", nominated for Best Documentary Feature at the Goya Awards, Jos\u00e9 Mar\u00eda Forqu\u00e9 Awards and C\u00edrculo de Escritores Cinematogr\u00e1ficos Awards from Spain.<\/span><\/p>\n<p><span title=\"Productor ejecutivo de los largometrajes \u201cEl destierro\u201d de Arturo \">Executive producer of the feature films \"El Exierro\" by Arturo<br \/>\n<\/span><span title=\"Ruiz Serrano y \u201cNoctem\u201d de Marcos Cabot\u00e1. \">Ruiz Serrano and \"Noctem\" by Marcos Cabota.<\/span><\/p>\n<p><span title=\"En la actualidad es Profesor Adjunto de Producci\u00f3n y \">He is currently Assistant Professor of Production and<br \/>\n<\/span><span title=\"Realizaci\u00f3n Audiovisual en el Centro Universitario Alberta Gim\u00e9nez (CESAG), Profesor de Direcci\u00f3n, Producci\u00f3n, Documental, Historia del Cine y Producci\u00f3n Publicitaria en la Escuela EDIB, y Profesor de \">Audiovisual Production at the Alberta Gim\u00e9nez University Center (CESAG), Professor of Direction, Production, Documentary, Film History and Advertising Production at the EDIB School, and Professor of<br \/>\n<\/span><span title=\"Direcci\u00f3n y Producci\u00f3n en el Centro de Estudios Fotogr\u00e1ficos de Palma de Mallorca (CEF). \">Direction and Production at the Photography Studies Center of Palma de Mallorca (CEF).<\/span><\/p>\n<p><span id=\"result_box\" class=\"\" tabindex=\"-1\" lang=\"en\"><span title=\"Tambi\u00e9n ha colaborado con la UIB en diferentes talleres y masters de formaci\u00f3n audiovisual. \">He has also collaborated with the UIB in different audiovisual training workshops and masters.<\/span><\/span><span id=\"result_box\" class=\"\" tabindex=\"-1\" lang=\"en\"><\/span><\/p>\n<p><span title=\"M\u00e1s info en:\">More info at:<\/span><\/p>\n<p style=\"text-align: center;\"><a href=\"http:\/\/bestardtoni.wixsite.com\/tonibestard\">http:\/\/bestardtoni.wixsite.com\/tonibestard<\/a><\/p>\n<p>[\/vc_column_text][\/vc_column_inner][\/vc_row_inner][vc_empty_space height=\"60\"][vc_row_inner][vc_column_inner width=\"1\/2\"][vc_single_image image=\"1080\" alignment=\"center\" style=\"vc_box_shadow_circle_2\" css_animation=\"bounceIn\"][vc_custom_heading text=\"Domi Parra\" font_container=\"tag:p|font_size:25|text_align:center|color:%23ffffff\" google_fonts=\"font_family:Montserrat%3Aregular%2C700|font_style:400%20regular%3A400%3Anormal\" css_animation=\"fadeIn\"][vc_column_text css_animation=\"fadeIn\"]<\/p>\n<p style=\"text-align: center;\"><span id=\"result_box\" class=\"\" tabindex=\"-1\" lang=\"en\"><span title=\"Montador de cine, tv y documentales, Licenciado en Comunicaci\u00f3n Audiovisual por la UPF (1993-97), Presidente de la Asociaci\u00f3n de Montadoras y Montadores Audiovisuales de Catalu\u00f1a (AMMAC) y premiado con 1 Gaud\u00ed entre otros premios. \">Editor of film, TV and documentaries, Degree in Audiovisual Communication by UPF (1993-97), President of the Association of Audiovisual Monitors and Editors of Catalonia (AMMAC) and awarded with 1 Gaud\u00ed among other prizes.<\/span><\/span><\/p>\n<p style=\"text-align: center;\"><span title=\"LARGOMETRAJES \">FEATURE FILMS<br \/>\n<\/span><span title=\"\u201cLa Chana\u201d (2016) de Lucija Stejovich \">\"La Chana\" (2016) by Lucija Stejovich<br \/>\n<\/span><span title=\"\u201cLa pr\u00f3xima piel\u201d (2015) de Isaki Lacuesta \">\"The next skin\" (2015) by Isaki Lacuesta<br \/>\n<\/span><span title=\"\u201cMurieron por encima de sus posibilidades\u201d (2013) de Isaki Lacuesta \">\"They died above their means\" (2013) by Isaki Lacuesta<br \/>\n<\/span><span title=\"\u201cMundo peque\u00f1o\u201d (2012) de Marcel Barrena \">\"Mundo peque\u00f1o\" (2012) by Marcel Barrena<br \/>\n<\/span><span title=\"\u201cLa Plaga\u201d (2011) de Ne\u00fas Ball\u00fas \">\"La Plaga\" (2011) by Ne\u00fas Ball\u00fas<br \/>\n<\/span><span title=\"\u201cLos pasos dobles\u201d (2010) de Isaki lacuesta \">\"The double steps\" (2010) by Isaki lacuesta<br \/>\n<\/span><span title=\"\u201cLos Condenados\u201d (2009) de Isaki Lacuesta \">\"Los Condenados\" (2009) by Isaki Lacuesta<br \/>\n<\/span><span title=\"\u201cDieta Mediterr\u00e1nea\u201d (2008) de Joaquin Oristrell para Messidor Films. \">\"Mediterranean Diet\" (2008) by Joaquin Oristrell for Messidor Films.<br \/>\n<\/span><span title=\"\u201cMemoria Negra\u201d (2006) de Xavier Montany\u00e0 para Ovideo. \">\"Memoria Negra\" (2006) by Xavier Montany\u00e0 for Ovideo.<br \/>\n<\/span><span title=\"\u201cLa leyenda del tiempo\u201d (2005) de Isaki Lacuesta para Mallerich Films. \">\"The Legend of Time\" (2005) by Isaki Lacuesta for Mallerich Films.<br \/>\n<\/span><span title=\"\u201cDiario Argentino\u201d (2004-05) de Guadalupe P\u00e9rez para Imposible Films. \">\"Diario Argentino\" (2004-05) by Guadalupe P\u00e9rez for Imposible Films.<br \/>\n<\/span><span title=\"\u201cCravan vs Cravan\u201d (2001-02) de Isaki Lacuesta para Paco Poch y Benece. \">\"Cravan vs Cravan\" (2001-02) by Isaki Lacuesta for Paco Poch and Benece.<br \/>\n<\/span><span title=\"SERIES \">SERIES<br \/>\n<\/span><span title=\"\u201cMerl\u00ed\u201d (2015-18) de H\u00e9ctor Lozano dirigida por Eduard Cort\u00e9s para TV3 \">\"Merl\u00ed\" (2015-18) by H\u00e9ctor Lozano directed by Eduard Cort\u00e9s for TV3<br \/>\n<\/span><span title=\"\u201cS\u00e9 qui\u00e9n eres\u201d (2017) de Pau Freixas para Tele 5 \">\"S\u00e9 qui\u00e9n eres\" (2017) by Pau Freixas for Tele 5<br \/>\n<\/span><span title=\"\u201cCites\u201d (2016) de Pau Freixas para TV3 \">\"Cites\" (2016) by Pau Freixas for TV3<br \/>\n<\/span><span title=\"\u201cPolseres vermelles\u201d (2012) de Pau Freixas para TV3 \">\"Polseres vermelles\" (2012) by Pau Freixas for TV3<\/span><\/p>\n<p style=\"text-align: center;\"><strong><span title=\"M\u00e1s info en:\">More info at:<\/span><\/strong><\/p>\n<p style=\"text-align: center;\"><strong><a href=\"https:\/\/www.imdb.com\/name\/nm0663378\/\">https:\/\/www.imdb.com\/name\/nm0663378\/<\/a><\/strong><\/p>\n<p>[\/vc_column_text][\/vc_column_inner][vc_column_inner width=\"1\/2\"][vc_single_image image=\"1081\" alignment=\"center\" style=\"vc_box_shadow_circle_2\" css_animation=\"bounceIn\"][vc_custom_heading text=\"Alex Murrull\" font_container=\"tag:p|font_size:25|text_align:center\" google_fonts=\"font_family:Montserrat%3Aregular%2C700|font_style:400%20regular%3A400%3Anormal\" css_animation=\"fadeIn\"][vc_column_text css_animation=\"fadeIn\"]<\/p>\n<p style=\"text-align: center;\"><span id=\"result_box\" class=\"\" tabindex=\"-1\" lang=\"en\"><span class=\"\">Diplomated in film directing and photography, he began working on documentaries in 2006 as director of photography and currently director of Sal\u00f3n del Cine and the Barcelona series (www.salondelcine.com) and head of studies at the Plat\u00f3 film school<\/span> Cinema.<\/span><\/p>\n<p style=\"text-align: center;\"><span class=\"\">From 2007 to 2011 he is the official photographer of the MC publishing house in several of his magazines.<\/span><\/p>\n<p style=\"text-align: center;\"><span class=\"\">In 2007 he directed the short film \"El meu amic Amaruk\" winner of the first prize in the DiBa express short film festival.<\/span><\/p>\n<p style=\"text-align: center;\"><span class=\"\">Since 2007 he has worked as a photography teacher at the Plat\u00f3 de Cinema film school and in 2010 he became head of studies for the film department<\/span><\/p>\n<p style=\"text-align: center;\"><span class=\"\">From 2009 to 2015 he has worked on the development of audiovisual content and directed several announcements of Xternalia or Advance Group companies.<\/span><\/p>\n<p style=\"text-align: center;\"><span class=\"\">In 2012 she is part of the executive production team of the feature film Ferida arrel: Maria-Merc\u00e8 Mar\u00e7al.<\/span><\/p>\n<p style=\"text-align: center;\"><strong>More info at:<\/strong><\/p>\n<p style=\"text-align: center;\"><a href=\"https:\/\/www.imdb.com\/name\/nm2285944\/\">https:\/\/www.imdb.com\/name\/nm2285944\/<\/a><\/p>\n<p>[\/vc_column_text][\/vc_column_inner][\/vc_row_inner][vc_empty_space height=\"15\"][vc_separator][vc_custom_heading text=\"AWARDS\" font_container=\"tag:h4|font_size:40|text_align:center|color:%23ffffff\" google_fonts=\"font_family:Montserrat%3Aregular%2C700|font_style:400%20regular%3A400%3Anormal\" css_animation=\"fadeIn\"][vc_empty_space height=\"40\"][vc_row_inner][vc_column_inner width=\"1\/6\"][\/vc_column_inner][vc_column_inner width=\"2\/3\"][vc_images_carousel images=\"1082,1083,1084,1085,1086,1087,1088,1090,1091,1097,1089,1092,1093,1094,1096,1099,1100,1101,1102,1095\" img_size=\"full\" onclick=\"link_no\" autoplay=\"yes\" hide_prev_next_buttons=\"yes\"][\/vc_column_inner][vc_column_inner width=\"1\/6\"][\/vc_column_inner][\/vc_row_inner][vc_empty_space height=\"40\"][vc_row_inner][vc_column_inner width=\"1\/4\"][\/vc_column_inner][vc_column_inner width=\"1\/4\"][vc_column_text css_animation=\"bounceIn\"]<\/p>\n<h5><span style=\"color: #ffffff;\"><strong>TITLE<\/strong><\/span><\/h5>\n<p>[\/vc_column_text][\/vc_column_inner][vc_column_inner width=\"1\/4\"][vc_column_text css_animation=\"bounceIn\"]<\/p>\n<h5><span style=\"color: #ffffff;\"><strong>PRODUCTORA<\/strong><\/span><\/h5>\n<p>[\/vc_column_text][\/vc_column_inner][vc_column_inner width=\"1\/4\"][vc_column_text css_animation=\"bounceIn\"]<\/p>\n<h5><span style=\"color: #ffffff;\"><strong>PA\u00cdS<\/strong><\/span><\/h5>\n<p>[\/vc_column_text][\/vc_column_inner][\/vc_row_inner][vc_separator][vc_row_inner][vc_column_inner width=\"1\/4\"][vc_column_text css_animation=\"bounceIn\"]<strong>1st Prize<\/strong>[\/vc_column_text][\/vc_column_inner][vc_column_inner width=\"1\/4\"][vc_column_text css_animation=\"bounceIn\"]<span style=\"color: #b30000;\"><strong>SHE ROSE<br \/>\n<\/strong><\/span>[\/vc_column_text][\/vc_column_inner][vc_column_inner width=\"1\/4\"][vc_column_text css_animation=\"bounceIn\"]Malwina Wodzicka[\/vc_column_text][\/vc_column_inner][vc_column_inner width=\"1\/4\"][vc_column_text css_animation=\"bounceIn\"]Australia[\/vc_column_text][\/vc_column_inner][\/vc_row_inner][vc_btn title=\"1st Place\" style=\"flat\" color=\"warning\" align=\"center\" link=\"url:https%3A%2F%2Fyoutu.be%2FxwjgrPyFV9k||target:%20_blank|\"][vc_separator][vc_row_inner][vc_column_inner width=\"1\/4\"][vc_column_text css_animation=\"bounceIn\"]<strong>2nd Prize<\/strong>[\/vc_column_text][\/vc_column_inner][vc_column_inner width=\"1\/4\"][vc_column_text css_animation=\"bounceIn\"]<span style=\"color: #b30000;\"><strong>Promise<\/strong><\/span>[\/vc_column_text][\/vc_column_inner][vc_column_inner width=\"1\/4\"][vc_column_text css_animation=\"bounceIn\"]Yana Shmaylova[\/vc_column_text][\/vc_column_inner][vc_column_inner width=\"1\/4\"][vc_column_text css_animation=\"bounceIn\"]Russia[\/vc_column_text][\/vc_column_inner][\/vc_row_inner][vc_btn title=\"SEE V\u00cdDEO\" style=\"flat\" color=\"inverse\" align=\"center\" link=\"url:https%3A%2F%2Fyoutu.be%2FDzF0AUfolUs||target:%20_blank|\"][vc_separator][vc_row_inner][vc_column_inner width=\"1\/4\"][vc_column_text css_animation=\"bounceIn\"]<strong>Best Script<\/strong>[\/vc_column_text][\/vc_column_inner][vc_column_inner width=\"1\/4\"][vc_column_text css_animation=\"bounceIn\"]<span style=\"color: #b30000;\"><strong>Sonatina<\/strong><\/span>[\/vc_column_text][\/vc_column_inner][vc_column_inner width=\"1\/4\"][vc_column_text css_animation=\"bounceIn\"]Hoi Wong[\/vc_column_text][\/vc_column_inner][vc_column_inner width=\"1\/4\"][vc_column_text css_animation=\"bounceIn\"]Hong Kong[\/vc_column_text][\/vc_column_inner][\/vc_row_inner][vc_btn title=\"SEE V\u00cdDEO\" style=\"flat\" color=\"inverse\" align=\"center\" link=\"url:https%3A%2F%2Fyoutu.be%2Fv8NY48pBLdU||target:%20_blank|\"][vc_separator][vc_row_inner][vc_column_inner width=\"1\/4\"][vc_column_text css_animation=\"bounceIn\"]<strong>Best Actor<\/strong>[\/vc_column_text][\/vc_column_inner][vc_column_inner width=\"1\/4\"][vc_column_text css_animation=\"bounceIn\"]<span style=\"color: #b30000;\"><strong>Dulcinea<\/strong><\/span>[\/vc_column_text][\/vc_column_inner][vc_column_inner width=\"1\/4\"][vc_column_text css_animation=\"bounceIn\"]Francisco Lidon[\/vc_column_text][\/vc_column_inner][vc_column_inner width=\"1\/4\"][vc_column_text css_animation=\"bounceIn\"]Spain[\/vc_column_text][\/vc_column_inner][\/vc_row_inner][vc_btn title=\"SEE V\u00cdDEO\" style=\"flat\" color=\"inverse\" align=\"center\" link=\"url:https%3A%2F%2Fyoutu.be%2F-UTgpAD5tDA||target:%20_blank|\"][vc_separator][vc_row_inner][vc_column_inner width=\"1\/4\"][vc_column_text css_animation=\"bounceIn\"]<strong>Best Originality<\/strong>[\/vc_column_text][\/vc_column_inner][vc_column_inner width=\"1\/4\"][vc_column_text css_animation=\"bounceIn\"]<span style=\"color: #b30000;\"><strong>Yes, no<br \/>\n<\/strong><\/span>[\/vc_column_text][\/vc_column_inner][vc_column_inner width=\"1\/4\"][vc_column_text css_animation=\"bounceIn\"]Matteo Tibiletti[\/vc_column_text][\/vc_column_inner][vc_column_inner width=\"1\/4\"][vc_column_text css_animation=\"bounceIn\"]Italy[\/vc_column_text][\/vc_column_inner][\/vc_row_inner][vc_btn title=\"SEE V\u00cdDEO\" style=\"flat\" color=\"inverse\" align=\"center\" link=\"url:https%3A%2F%2Fyoutu.be%2F9NtQuJmf01k||target:%20_blank|\"][vc_empty_space height=\"40\"][\/vc_tta_section][vc_tta_section title=\"2017\" tab_id=\"1539263614817-a545fec0-a101\"][vc_empty_space height=\"40\"][vc_custom_heading text=\"2017\" font_container=\"tag:h2|text_align:center|color:%23ffffff\" google_fonts=\"font_family:Montserrat%3Aregular%2C700|font_style:400%20regular%3A400%3Anormal\"][vc_empty_space height=\"25\"][vc_separator][vc_custom_heading text=\"THE JURY\" font_container=\"tag:h4|font_size:40|text_align:center|color:%23ffffff\" google_fonts=\"font_family:Montserrat%3Aregular%2C700|font_style:400%20regular%3A400%3Anormal\" css_animation=\"fadeIn\"][vc_empty_space height=\"40\"][vc_row_inner][vc_column_inner width=\"1\/2\"][vc_single_image image=\"795\" alignment=\"center\" style=\"vc_box_shadow_circle_2\" css_animation=\"bounceIn\"][vc_custom_heading text=\"Conrad Mess\" font_container=\"tag:p|font_size:25|text_align:center|color:%23ffffff\" google_fonts=\"font_family:Montserrat%3Aregular%2C700|font_style:400%20regular%3A400%3Anormal\" css_animation=\"fadeIn\"][vc_column_text css_animation=\"fadeIn\"]<\/p>\n<p style=\"text-align: center;\"><strong>Conrad Mess<\/strong>&nbsp; is an iphone filmaker who has no studies related to the world of cinema. He shot his<br \/>\nfirst short film, \u201c<strong>The Fixer<\/strong>\u201c in 2011 on an <strong>iPhone 4<\/strong>, and it became the most award winning iphone<br \/>\nfilm in the world<\/p>\n<p>Since making his first film, Conrad has been travelling around the world giving masterclasses and<br \/>\norganizing workshops in cities such as <strong>San Francisco<\/strong>, London and Dublin. He has worked in <strong>L.A<\/strong> and <strong>New York<\/strong> shooting various short films.<\/p>\n<p style=\"text-align: center;\">All of Conrad's films have been award winning converting him in the most successful iphone film maker in the world racking up hundreds of awards and nomination, satnding out amongst this awards is the honorary 2016 'best global iphone filmaker'. \u201c<strong>Best Global Iphone&nbsp;<\/strong><strong>Filmmaker<\/strong>\u201c.<\/p>\n<p style=\"text-align: center;\">His last film \u201c<strong>Time to pay off debts<\/strong>\u201d has already recieved 25 awards and nominations.<br \/>\n<strong>More info at:<\/strong><br \/>\n<a href=\"http:\/\/www.conradmess.com\/\">www.conradmess.com<\/a><\/p>\n<p>[\/vc_column_text][\/vc_column_inner][vc_column_inner width=\"1\/2\"][vc_single_image image=\"800\" alignment=\"center\" style=\"vc_box_shadow_circle_2\" css_animation=\"bounceIn\"][vc_custom_heading text=\"Pilar Ordo\u00f1ez\" font_container=\"tag:p|font_size:25|text_align:center\" google_fonts=\"font_family:Montserrat%3Aregular%2C700|font_style:400%20regular%3A400%3Anormal\" css_animation=\"fadeIn\"][vc_column_text css_animation=\"fadeIn\"]<\/p>\n<p style=\"text-align: center;\"><strong>Pilar Ordo\u00f1ez<\/strong> started her artistic career at 8 as a theatre actress in Madrid. Since then she has<br \/>\nworked with well renowned directors such as <strong>Marsillach<\/strong>,&nbsp;<strong>Saura<\/strong>,&nbsp;<strong>Berlanga<\/strong>,&nbsp;<strong>Trueba<\/strong>,&nbsp;<strong>Armend\u00e1riz<\/strong>,&nbsp;<strong>Garci<\/strong>,&nbsp;<strong>Zambrano<\/strong> \u2026<br \/>\n\u2026 We have also seen her in TV series like <strong>La que se avecina<\/strong>,&nbsp;<strong>Periodistas<\/strong>,&nbsp;<strong>Hospital&nbsp;<\/strong><strong>Central<\/strong>,&nbsp;<strong>M\u00e9dico de Familia<\/strong>,&nbsp;<strong>Cu\u00e9ntame c\u00f3mo pas\u00f3<\/strong>, etc.<br \/>\nShe was part of the <strong>Spanish Ministry for culture<\/strong> film rating board for 4 years and was on the <strong>Spanish cinema academy's<\/strong> jury for short films.<\/p>\n<p>She's the creator of the web series <strong>'Clara'<\/strong>, filmed with mobiles, which is now starting its second season.<\/p>\n<p style=\"text-align: center;\">At the moment she is combining actor coaching and her role in the play 'Miss tuppersex' at the Luchana theatre in Madrid and is a <strong>member on the interpretation comitee of the Spanish cinema academy.<\/strong><\/p>\n<p><strong>More info at:<\/strong><br \/>\n<a href=\"http:\/\/www.pilarordonez.es\/\">www.pilarordonez.es<\/a><\/p>\n<p>[\/vc_column_text][\/vc_column_inner][\/vc_row_inner][vc_empty_space height=\"60\"][vc_row_inner][vc_column_inner width=\"1\/2\"][vc_single_image image=\"799\" alignment=\"center\" style=\"vc_box_shadow_circle_2\" css_animation=\"bounceIn\"][vc_custom_heading text=\"Fanny Condado\" font_container=\"tag:p|font_size:25|text_align:center|color:%23ffffff\" google_fonts=\"font_family:Montserrat%3Aregular%2C700|font_style:400%20regular%3A400%3Anormal\" css_animation=\"fadeIn\"][vc_column_text css_animation=\"fadeIn\"]<\/p>\n<p style=\"text-align: center;\"><strong>Fanny Condado trained at the Wiliam Layton Labratory and has developed her woek as an actress both in television and cinema, theatre, animated films and cartoons, cabaret and stand up comedy.<\/strong><\/p>\n<p style=\"text-align: center;\"><strong>Her most recent work has led us to see her in popular TV series such as '6 hermanos', 'Gran reserva', 'Manolitos Gafotas', 'Centro medico', 'Sin tetas no hay paraiso', 'Aqui no hay quien viva' or 'El<br \/>\ncomisiario'.<\/strong><\/p>\n<p style=\"text-align: center;\"><strong>She can be seen touring Spanish theatres with the 'Allav\u00e1 theatre company', of which she is a cofounder, with family based works such as 'La mar de priatas' and 'Salvarin de los bosques'.<\/strong><\/p>\n<p style=\"text-align: center;\"><strong>She feels privileged to have worked on the big screen in emblamatic movies such as, 'Airbag', 'celos', El corazon d\u00e9l guerrero', and 'Insonio'.<br \/>\nMore info at:<br \/>\n<a href=\"https:\/\/youtu.be\/tAwf0rHX-iY\">https:\/\/youtu.be\/tAwf0rHX-iY<\/a><br \/>\n<a href=\"https:\/\/www.youtube.com\/user\/JANDRIDULI\/feed\">https:\/\/www.youtube.com\/user\/JANDRIDULI\/feed<\/a><\/strong><\/p>\n<p>[\/vc_column_text][\/vc_column_inner][vc_column_inner width=\"1\/2\"][vc_single_image image=\"798\" alignment=\"center\" style=\"vc_box_shadow_circle_2\" css_animation=\"bounceIn\"][vc_custom_heading text=\"Marc Padr\u00f3\" font_container=\"tag:p|font_size:25|text_align:center\" google_fonts=\"font_family:Montserrat%3Aregular%2C700|font_style:400%20regular%3A400%3Anormal\" css_animation=\"fadeIn\"][vc_column_text css_animation=\"fadeIn\"]<\/p>\n<p style=\"text-align: center;\"><strong>Marc Padr\u00f3<\/strong>, A cinema and martial arts lover he is currently working as a stuntman, choreographer and director of action for the special effects and and stunt company www.inextremisfilmservices.com.<\/p>\n<p style=\"text-align: center;\">Some of his latest work has included successful Spanish films such as <strong>'Los ultimos dias', 'Rec 4',<\/strong> <strong>'La sombra de la ley'<\/strong> or <strong>'Anacleto, Agente secreto'.<\/strong> He has also been in charge of coordinating the<br \/>\naction scenes in series such as,<strong> 'Nit i dia' or 'la Riera'<\/strong>.<br \/>\n<strong>More info at:<\/strong><br \/>\n<a href=\"http:\/\/www.imdb.com\/name\/nm4411585\/\">http:\/\/www.imdb.com\/name\/nm4411585\/<\/a><br \/>\n<a href=\"https:\/\/www.youtube.com\/channel\/UCON6fKZ91y1Js9-xnS3X_gw\">https:\/\/www.youtube.com\/channel\/UCON6fKZ91y1Js9-xnS3X_gw<\/a><\/p>\n<p>[\/vc_column_text][\/vc_column_inner][\/vc_row_inner][vc_empty_space height=\"15\"][vc_separator][vc_custom_heading text=\"AWARDS\" font_container=\"tag:h4|font_size:40|text_align:center|color:%23ffffff\" google_fonts=\"font_family:Montserrat%3Aregular%2C700|font_style:400%20regular%3A400%3Anormal\" css_animation=\"fadeIn\"][vc_empty_space height=\"40\"][vc_row_inner][vc_column_inner width=\"1\/6\"][\/vc_column_inner][vc_column_inner width=\"2\/3\"][vc_images_carousel images=\"825,826,827,828,829,830,831,832,833,834\" img_size=\"full\" onclick=\"link_no\" autoplay=\"yes\" hide_prev_next_buttons=\"yes\"][\/vc_column_inner][vc_column_inner width=\"1\/6\"][\/vc_column_inner][\/vc_row_inner][vc_empty_space height=\"40\"][vc_row_inner][vc_column_inner width=\"1\/4\"][\/vc_column_inner][vc_column_inner width=\"1\/4\"][vc_column_text css_animation=\"bounceIn\"]<\/p>\n<h5><span style=\"color: #ffffff;\"><strong>TITLE<\/strong><\/span><\/h5>\n<p>[\/vc_column_text][\/vc_column_inner][vc_column_inner width=\"1\/4\"][vc_column_text css_animation=\"bounceIn\"]<\/p>\n<h5><span style=\"color: #ffffff;\"><strong>PRODUCTORA<\/strong><\/span><\/h5>\n<p>[\/vc_column_text][\/vc_column_inner][vc_column_inner width=\"1\/4\"][vc_column_text css_animation=\"bounceIn\"]<\/p>\n<h5><span style=\"color: #ffffff;\"><strong>PA\u00cdS<\/strong><\/span><\/h5>\n<p>[\/vc_column_text][\/vc_column_inner][\/vc_row_inner][vc_separator][vc_row_inner][vc_column_inner width=\"1\/4\"][vc_column_text css_animation=\"bounceIn\"]<strong>1st Prize<\/strong>[\/vc_column_text][\/vc_column_inner][vc_column_inner width=\"1\/4\"][vc_column_text css_animation=\"bounceIn\"]<span style=\"color: #b30000;\"><strong>You're a Guy<\/strong><\/span>[\/vc_column_text][\/vc_column_inner][vc_column_inner width=\"1\/4\"][vc_column_text css_animation=\"bounceIn\"]Sylvain Certain[\/vc_column_text][\/vc_column_inner][vc_column_inner width=\"1\/4\"][vc_column_text css_animation=\"bounceIn\"]France[\/vc_column_text][\/vc_column_inner][\/vc_row_inner][vc_btn title=\"1st Place\" style=\"flat\" color=\"warning\" align=\"center\" link=\"url:https%3A%2F%2Fyoutu.be%2FbEwo23dqTsM||target:%20_blank|\"][vc_separator][vc_row_inner][vc_column_inner width=\"1\/4\"][vc_column_text css_animation=\"bounceIn\"]<strong>2nd Prize<\/strong>[\/vc_column_text][\/vc_column_inner][vc_column_inner width=\"1\/4\"][vc_column_text css_animation=\"bounceIn\"]<span style=\"color: #b30000;\"><strong>iMedium<\/strong><\/span>[\/vc_column_text][\/vc_column_inner][vc_column_inner width=\"1\/4\"][vc_column_text css_animation=\"bounceIn\"]Alfonso Garcia Lopez[\/vc_column_text][\/vc_column_inner][vc_column_inner width=\"1\/4\"][vc_column_text css_animation=\"bounceIn\"]Madrid (Spain)[\/vc_column_text][\/vc_column_inner][\/vc_row_inner][vc_btn title=\"SEE V\u00cdDEO\" style=\"flat\" color=\"inverse\" align=\"center\" link=\"url:http%3A%2F%2Fwww.dailymotion.com%2Fvideo%2Fx67d2j8||target:%20_blank|\"][vc_separator][vc_row_inner][vc_column_inner width=\"1\/4\"][vc_column_text css_animation=\"bounceIn\"]<strong>Best Script<\/strong>[\/vc_column_text][\/vc_column_inner][vc_column_inner width=\"1\/4\"][vc_column_text css_animation=\"bounceIn\"]<span style=\"color: #b30000;\"><strong>Pinneaple Boxers<\/strong><\/span>[\/vc_column_text][\/vc_column_inner][vc_column_inner width=\"1\/4\"][vc_column_text css_animation=\"bounceIn\"]Oran Zegman[\/vc_column_text][\/vc_column_inner][vc_column_inner width=\"1\/4\"][vc_column_text css_animation=\"bounceIn\"]Israel[\/vc_column_text][\/vc_column_inner][\/vc_row_inner][vc_btn title=\"SEE V\u00cdDEO\" style=\"flat\" color=\"inverse\" align=\"center\" link=\"url:http%3A%2F%2Fwww.dailymotion.com%2Fvideo%2Fx67czqk||target:%20_blank|\"][vc_separator][vc_row_inner][vc_column_inner width=\"1\/4\"][vc_column_text css_animation=\"bounceIn\"]<strong>Mejor Fotograf\u00eda<\/strong>[\/vc_column_text][\/vc_column_inner][vc_column_inner width=\"1\/4\"][vc_column_text css_animation=\"bounceIn\"]<span style=\"color: #b30000;\"><strong>Unexploring Old Delhi<\/strong><\/span>[\/vc_column_text][\/vc_column_inner][vc_column_inner width=\"1\/4\"][vc_column_text css_animation=\"bounceIn\"]Cecil Mathew[\/vc_column_text][\/vc_column_inner][vc_column_inner width=\"1\/4\"][vc_column_text css_animation=\"bounceIn\"]India[\/vc_column_text][\/vc_column_inner][\/vc_row_inner][vc_btn title=\"SEE V\u00cdDEO\" style=\"flat\" color=\"inverse\" align=\"center\" link=\"url:http%3A%2F%2Fwww.dailymotion.com%2Fvideo%2Fx67d0hv||target:%20_blank|\"][vc_separator][vc_row_inner][vc_column_inner width=\"1\/4\"][vc_column_text css_animation=\"bounceIn\"]<strong>Best original soundtrack<\/strong>[\/vc_column_text][\/vc_column_inner][vc_column_inner width=\"1\/4\"][vc_column_text css_animation=\"bounceIn\"]<span style=\"color: #b30000;\"><strong>Bitches &amp; Assholes<\/strong><\/span>[\/vc_column_text][\/vc_column_inner][vc_column_inner width=\"1\/4\"][vc_column_text css_animation=\"bounceIn\"]Stepan Etrych[\/vc_column_text][\/vc_column_inner][vc_column_inner width=\"1\/4\"][vc_column_text css_animation=\"bounceIn\"]Czech Republic[\/vc_column_text][\/vc_column_inner][\/vc_row_inner][vc_btn title=\"SEE V\u00cdDEO\" style=\"flat\" color=\"inverse\" align=\"center\" link=\"url:https%3A%2F%2Fyoutu.be%2FhtNazZ_jpPs||target:%20_blank|\"][vc_separator][vc_row_inner][vc_column_inner width=\"1\/4\"][vc_column_text css_animation=\"bounceIn\"]<strong>Best Actor<\/strong>[\/vc_column_text][\/vc_column_inner][vc_column_inner width=\"1\/4\"][vc_column_text css_animation=\"bounceIn\"]<span style=\"color: #b30000;\"><strong>iMedium<\/strong><\/span>[\/vc_column_text][\/vc_column_inner][vc_column_inner width=\"1\/4\"][vc_column_text css_animation=\"bounceIn\"]Alfonso Garc\u00eda L\u00f3pez[\/vc_column_text][\/vc_column_inner][vc_column_inner width=\"1\/4\"][vc_column_text css_animation=\"bounceIn\"]Madrid (Spain)[\/vc_column_text][\/vc_column_inner][\/vc_row_inner][vc_btn title=\"SEE V\u00cdDEO\" style=\"flat\" color=\"inverse\" align=\"center\" link=\"url:http%3A%2F%2Fwww.dailymotion.com%2Fvideo%2Fx67d2j8||target:%20_blank|\"][vc_separator][vc_row_inner][vc_column_inner width=\"1\/4\"][vc_column_text css_animation=\"bounceIn\"]<strong>Best animated short film<\/strong>[\/vc_column_text][\/vc_column_inner][vc_column_inner width=\"1\/4\"][vc_column_text css_animation=\"bounceIn\"]<span style=\"color: #b30000;\"><strong>iRony<\/strong><\/span>[\/vc_column_text][\/vc_column_inner][vc_column_inner width=\"1\/4\"][vc_column_text css_animation=\"bounceIn\"]Radheya Jegatheva[\/vc_column_text][\/vc_column_inner][vc_column_inner width=\"1\/4\"][vc_column_text css_animation=\"bounceIn\"]Australia[\/vc_column_text][\/vc_column_inner][\/vc_row_inner][vc_btn title=\"SEE V\u00cdDEO\" style=\"flat\" color=\"inverse\" align=\"center\" link=\"url:http%3A%2F%2Fwww.dailymotion.com%2Fvideo%2Fx69v888||target:%20_blank|\"][vc_empty_space height=\"40\"][\/vc_tta_section][vc_tta_section title=\"2016\" tab_id=\"1514978221087-a5a1c668-b85d\"][vc_empty_space height=\"40\"][vc_custom_heading text=\"2016\" font_container=\"tag:h2|text_align:center|color:%23ffffff\" google_fonts=\"font_family:Montserrat%3Aregular%2C700|font_style:400%20regular%3A400%3Anormal\"][vc_empty_space height=\"25\"][vc_separator][vc_custom_heading text=\"JURY\" font_container=\"tag:h4|font_size:40|text_align:center|color:%23ffffff\" google_fonts=\"font_family:Montserrat%3Aregular%2C700|font_style:400%20regular%3A400%3Anormal\" css_animation=\"fadeIn\"][vc_empty_space height=\"40\"][vc_row_inner][vc_column_inner width=\"1\/2\"][vc_single_image image=\"600\" alignment=\"center\" style=\"vc_box_shadow_circle_2\" css_animation=\"bounceIn\"][vc_custom_heading text=\"Ruben Garc\u00eda\" font_container=\"tag:p|font_size:25|text_align:center|color:%23ffffff\" google_fonts=\"font_family:Montserrat%3Aregular%2C700|font_style:400%20regular%3A400%3Anormal\" css_animation=\"fadeIn\"][vc_column_text css_animation=\"fadeIn\"]<\/p>\n<p style=\"text-align: center;\">Teacher of realization of audiovisual projects and shows at the EMAV<\/p>\n<p>[\/vc_column_text][\/vc_column_inner][vc_column_inner width=\"1\/2\"][vc_single_image image=\"599\" alignment=\"center\" style=\"vc_box_shadow_circle_2\" css_animation=\"bounceIn\"][vc_custom_heading text=\"Pedro Vila\" font_container=\"tag:p|font_size:25|text_align:center\" google_fonts=\"font_family:Montserrat%3Aregular%2C700|font_style:400%20regular%3A400%3Anormal\" css_animation=\"fadeIn\"][vc_column_text css_animation=\"fadeIn\"]<\/p>\n<p style=\"text-align: center;\">Academic coordinator at the Bande \u00e1 part cinema school<\/p>\n<p>[\/vc_column_text][\/vc_column_inner][\/vc_row_inner][vc_empty_space height=\"15\"][vc_separator][vc_custom_heading text=\"AWARDS\" font_container=\"tag:h4|font_size:40|text_align:center|color:%23ffffff\" google_fonts=\"font_family:Montserrat%3Aregular%2C700|font_style:400%20regular%3A400%3Anormal\" css_animation=\"fadeIn\"][vc_empty_space height=\"40\"][vc_row_inner][vc_column_inner width=\"1\/6\"][\/vc_column_inner][vc_column_inner width=\"2\/3\"][vc_images_carousel images=\"370,371,372,373,374\" img_size=\"1300X400\" onclick=\"link_no\" autoplay=\"yes\" hide_prev_next_buttons=\"yes\"][\/vc_column_inner][vc_column_inner width=\"1\/6\"][\/vc_column_inner][\/vc_row_inner][vc_empty_space height=\"40\"][vc_row_inner][vc_column_inner width=\"1\/4\"][\/vc_column_inner][vc_column_inner width=\"1\/4\"][vc_column_text css_animation=\"bounceIn\"]<\/p>\n<h5><span style=\"color: #ffffff;\"><strong>TITLE<\/strong><\/span><\/h5>\n<p>[\/vc_column_text][\/vc_column_inner][vc_column_inner width=\"1\/4\"][vc_column_text css_animation=\"bounceIn\"]<\/p>\n<h5><span style=\"color: #ffffff;\"><strong>PRODUCER<\/strong><\/span><\/h5>\n<p>[\/vc_column_text][\/vc_column_inner][vc_column_inner width=\"1\/4\"][vc_column_text css_animation=\"bounceIn\"]<\/p>\n<h5><span style=\"color: #ffffff;\"><strong>COUNTRY<\/strong><\/span><\/h5>\n<p>[\/vc_column_text][\/vc_column_inner][\/vc_row_inner][vc_separator][vc_row_inner][vc_column_inner width=\"1\/4\"][vc_column_text css_animation=\"bounceIn\"]<strong>1st Prize<\/strong>[\/vc_column_text][\/vc_column_inner][vc_column_inner width=\"1\/4\"][vc_column_text css_animation=\"bounceIn\"]<span style=\"color: #b30000;\"><strong>Time to pay off debts<\/strong><\/span>[\/vc_column_text][\/vc_column_inner][vc_column_inner width=\"1\/4\"][vc_column_text css_animation=\"bounceIn\"]Mess Film Makers[\/vc_column_text][\/vc_column_inner][vc_column_inner width=\"1\/4\"][vc_column_text css_animation=\"bounceIn\"]Zaragoza (Spain)[\/vc_column_text][\/vc_column_inner][\/vc_row_inner][vc_btn title=\"1rs Place\" style=\"flat\" color=\"warning\" align=\"center\" link=\"url:http%3A%2F%2Fwww.dailymotion.com%2Fvideo%2Fx4tldjv_cinephone-2016-time-to-pay-off-debts-spanish-subtitles_shortfilms%23tab_embed||target:%20_blank|\"][vc_separator][vc_row_inner][vc_column_inner width=\"1\/4\"][vc_column_text css_animation=\"bounceIn\"]<strong>2nd Prize<\/strong>[\/vc_column_text][\/vc_column_inner][vc_column_inner width=\"1\/4\"][vc_column_text css_animation=\"bounceIn\"]<span style=\"color: #b30000;\"><strong>The Cloud<\/strong><\/span>[\/vc_column_text][\/vc_column_inner][vc_column_inner width=\"1\/4\"][vc_column_text css_animation=\"bounceIn\"]Alfonso Garcia Lopez[\/vc_column_text][\/vc_column_inner][vc_column_inner width=\"1\/4\"][vc_column_text css_animation=\"bounceIn\"]Madrid (Spain)[\/vc_column_text][\/vc_column_inner][\/vc_row_inner][vc_btn title=\"SEE V\u00cdDEO\" style=\"flat\" color=\"inverse\" align=\"center\" link=\"url:http%3A%2F%2Fwww.dailymotion.com%2Fvideo%2Fx3tvx2x_cinephone-2016-the-cloud_shortfilms%23tab_embed||target:%20_blank|\"][vc_separator][vc_row_inner][vc_column_inner width=\"1\/4\"][vc_column_text css_animation=\"bounceIn\"]<strong>Public Award<\/strong>[\/vc_column_text][\/vc_column_inner][vc_column_inner width=\"1\/4\"][vc_column_text css_animation=\"bounceIn\"]<span style=\"color: #b30000;\"><strong>The Time<\/strong><\/span>[\/vc_column_text][\/vc_column_inner][vc_column_inner width=\"1\/4\"][vc_column_text css_animation=\"bounceIn\"]Jose Luis Martin Moreno[\/vc_column_text][\/vc_column_inner][vc_column_inner width=\"1\/4\"][vc_column_text css_animation=\"bounceIn\"]Viladecans (Spain)[\/vc_column_text][\/vc_column_inner][\/vc_row_inner][vc_btn title=\"SEE V\u00cdDEO\" style=\"flat\" color=\"inverse\" align=\"center\" link=\"url:http%3A%2F%2Fwww.dailymotion.com%2Fvideo%2Fx4mx49c_cinephone-2016-the-time_shortfilms%23tab_embed||target:%20_blank|\"][vc_separator][vc_row_inner][vc_column_inner width=\"1\/4\"][vc_column_text css_animation=\"bounceIn\"]<strong>Best Script<\/strong>[\/vc_column_text][\/vc_column_inner][vc_column_inner width=\"1\/4\"][vc_column_text css_animation=\"bounceIn\"]<span style=\"color: #b30000;\"><strong>Cheese<\/strong><\/span>[\/vc_column_text][\/vc_column_inner][vc_column_inner width=\"1\/4\"][vc_column_text css_animation=\"bounceIn\"]Yuse Riera \/ Carlos Alonso Ojea[\/vc_column_text][\/vc_column_inner][vc_column_inner width=\"1\/4\"][vc_column_text css_animation=\"bounceIn\"]Spain[\/vc_column_text][\/vc_column_inner][\/vc_row_inner][vc_btn title=\"SEE V\u00cdDEO\" style=\"flat\" color=\"inverse\" align=\"center\" link=\"url:http%3A%2F%2Fwww.dailymotion.com%2Fvideo%2Fx4kn253_cinephone-2016-cheese_shortfilms%23tab_embed||target:%20_blank|\"][vc_separator][vc_row_inner][vc_column_inner width=\"1\/4\"][vc_column_text css_animation=\"bounceIn\"]<strong>Best original soundtrack<br \/>\n<\/strong>[\/vc_column_text][\/vc_column_inner][vc_column_inner width=\"1\/4\"][vc_column_text css_animation=\"bounceIn\"]<span style=\"color: #b30000;\"><strong>Frogjumping with obstacle<\/strong><\/span>[\/vc_column_text][\/vc_column_inner][vc_column_inner width=\"1\/4\"][vc_column_text css_animation=\"bounceIn\"]Guido Tolke[\/vc_column_text][\/vc_column_inner][vc_column_inner width=\"1\/4\"][vc_column_text css_animation=\"bounceIn\"]Pattensen (Germany)[\/vc_column_text][\/vc_column_inner][\/vc_row_inner][vc_btn title=\"SEE V\u00cdDEO\" style=\"flat\" color=\"inverse\" align=\"center\" link=\"url:http%3A%2F%2Fwww.dailymotion.com%2Fvideo%2Fx4u29cu_cinephone-2016-frogjumping-with-obstacles-spanish_shortfilms%23tab_embed||target:%20_blank|\"][vc_separator][vc_row_inner][vc_column_inner width=\"1\/4\"][vc_column_text css_animation=\"bounceIn\"]<strong>Best Actor<\/strong>[\/vc_column_text][\/vc_column_inner][vc_column_inner width=\"1\/4\"][vc_column_text css_animation=\"bounceIn\"]<span style=\"color: #b30000;\"><strong>Baggage Claim<\/strong><\/span>[\/vc_column_text][\/vc_column_inner][vc_column_inner width=\"1\/4\"][vc_column_text css_animation=\"bounceIn\"]Carla de Luca[\/vc_column_text][\/vc_column_inner][vc_column_inner width=\"1\/4\"][vc_column_text css_animation=\"bounceIn\"]Sydney (Australia)[\/vc_column_text][\/vc_column_inner][\/vc_row_inner][vc_btn title=\"SEE V\u00cdDEO\" style=\"flat\" color=\"inverse\" align=\"center\" link=\"url:http%3A%2F%2Fwww.dailymotion.com%2Fvideo%2Fx4trcys_cinephone-2016-baggage-claim_shortfilms%23tab_embed||target:%20_blank|\"][vc_separator][vc_empty_space height=\"40\"][\/vc_tta_section][vc_tta_section title=\"2015\" tab_id=\"1495713259195-99b5b40f-f2e8\"][vc_empty_space height=\"40\"][vc_custom_heading text=\"2015\" font_container=\"tag:h2|text_align:center|color:%23ffffff\" google_fonts=\"font_family:Montserrat%3Aregular%2C700|font_style:400%20regular%3A400%3Anormal\"][vc_empty_space height=\"25\"][vc_separator][vc_custom_heading text=\"JURY\" font_container=\"tag:h4|font_size:40|text_align:center|color:%23ffffff\" google_fonts=\"font_family:Montserrat%3Aregular%2C700|font_style:400%20regular%3A400%3Anormal\" css_animation=\"fadeIn\"][vc_empty_space height=\"40\"][vc_row_inner][vc_column_inner width=\"1\/2\"][vc_single_image image=\"597\" alignment=\"center\" style=\"vc_box_shadow_circle_2\" css_animation=\"bounceIn\"][vc_custom_heading text=\"Neill Barham\" font_container=\"tag:p|font_size:25|text_align:center|color:%23ffffff\" google_fonts=\"font_family:Montserrat%3Aregular%2C700|font_style:400%20regular%3A400%3Anormal\" css_animation=\"fadeIn\"][vc_column_text css_animation=\"fadeIn\"]<\/p>\n<p style=\"text-align: center;\">CEO of Cinegenix and creator of the FiLMiC iOS app.<\/p>\n<p>[\/vc_column_text][vc_empty_space height=\"15\"][vc_single_image image=\"601\" alignment=\"center\" style=\"vc_box_shadow_circle_2\" css_animation=\"bounceIn\"][vc_custom_heading text=\"Violeta Casado\" font_container=\"tag:p|font_size:25|text_align:center\" google_fonts=\"font_family:Montserrat%3Aregular%2C700|font_style:400%20regular%3A400%3Anormal\" css_animation=\"fadeIn\"][vc_column_text css_animation=\"fadeIn\"]<\/p>\n<p style=\"text-align: center;\">Xpressart, teaches the audiovisual and narrative capacities of smartphones at workshops.<\/p>\n<p>[\/vc_column_text][vc_empty_space height=\"15\"][vc_single_image image=\"596\" alignment=\"center\" style=\"vc_box_shadow_circle_2\" css_animation=\"bounceIn\"][vc_custom_heading text=\"Eugenia Gosalvez\" font_container=\"tag:p|font_size:25|text_align:center\" google_fonts=\"font_family:Montserrat%3Aregular%2C700|font_style:400%20regular%3A400%3Anormal\" css_animation=\"fadeIn\"][vc_column_text css_animation=\"fadeIn\"]<\/p>\n<p style=\"text-align: center;\">Xpressart, teaches the audiovisual and narrative capacities of smartphones at workshops.<\/p>\n<p>[\/vc_column_text][\/vc_column_inner][vc_column_inner width=\"1\/2\"][vc_single_image image=\"602\" alignment=\"center\" style=\"vc_box_shadow_circle_2\" css_animation=\"bounceIn\"][vc_custom_heading text=\"Javier Cabrera\" font_container=\"tag:p|font_size:25|text_align:center\" google_fonts=\"font_family:Montserrat%3Aregular%2C700|font_style:400%20regular%3A400%3Anormal\" css_animation=\"fadeIn\"][vc_column_text css_animation=\"fadeIn\"]<\/p>\n<p style=\"text-align: center;\">El taller,An expert in all types of gadgets and apps for smartphone recording.<\/p>\n<p>[\/vc_column_text][vc_empty_space height=\"15\"][vc_single_image image=\"598\" alignment=\"center\" style=\"vc_box_shadow_circle_2\" css_animation=\"bounceIn\"][vc_custom_heading text=\"\u00d3scar Oncina\" font_container=\"tag:p|font_size:25|text_align:center\" google_fonts=\"font_family:Montserrat%3Aregular%2C700|font_style:400%20regular%3A400%3Anormal\" css_animation=\"fadeIn\"][vc_column_text css_animation=\"fadeIn\"]El taller,An expert in all types of gadgets and apps for smartphone recording.[\/vc_column_text][\/vc_column_inner][\/vc_row_inner][vc_empty_space height=\"15\"][vc_separator][vc_custom_heading text=\"AWARDS\" font_container=\"tag:h4|font_size:40|text_align:center|color:%23ffffff\" google_fonts=\"font_family:Montserrat%3Aregular%2C700|font_style:400%20regular%3A400%3Anormal\" css_animation=\"fadeIn\"][vc_empty_space height=\"40\"][vc_row_inner][vc_column_inner][vc_images_carousel images=\"367,368\" img_size=\"1300X400\" onclick=\"link_no\" autoplay=\"yes\" hide_prev_next_buttons=\"yes\"][\/vc_column_inner][\/vc_row_inner][vc_empty_space height=\"40\"][vc_row_inner][vc_column_inner width=\"1\/4\"][\/vc_column_inner][vc_column_inner width=\"1\/4\"][vc_column_text css_animation=\"bounceIn\"]<\/p>\n<h5><span style=\"color: #ffffff;\"><strong>TITLE<\/strong><\/span><\/h5>\n<p>[\/vc_column_text][\/vc_column_inner][vc_column_inner width=\"1\/4\"][vc_column_text css_animation=\"bounceIn\"]<\/p>\n<h5><span style=\"color: #ffffff;\"><strong>PRODUCER<\/strong><\/span><\/h5>\n<p>[\/vc_column_text][\/vc_column_inner][vc_column_inner width=\"1\/4\"][vc_column_text css_animation=\"bounceIn\"]<\/p>\n<h5><span style=\"color: #ffffff;\"><strong>COUNTRY<\/strong><\/span><\/h5>\n<p>[\/vc_column_text][\/vc_column_inner][\/vc_row_inner][vc_separator][vc_row_inner][vc_column_inner width=\"1\/4\"][vc_column_text css_animation=\"bounceIn\"]<strong>1st Prize<\/strong>[\/vc_column_text][\/vc_column_inner][vc_column_inner width=\"1\/4\"][vc_column_text css_animation=\"bounceIn\"]<strong><span style=\"color: #b30000;\">Sexwax<\/span><\/strong>[\/vc_column_text][\/vc_column_inner][vc_column_inner width=\"1\/4\"][vc_column_text css_animation=\"bounceIn\"]Frederic Van Strydonck[\/vc_column_text][\/vc_column_inner][vc_column_inner width=\"1\/4\"][vc_column_text css_animation=\"bounceIn\"]London (United Kingdom)[\/vc_column_text][\/vc_column_inner][\/vc_row_inner][vc_btn title=\"1st Place\" style=\"flat\" color=\"warning\" align=\"center\" css_animation=\"bounceIn\" link=\"url:http%3A%2F%2Fwww.dailymotion.com%2Fvideo%2Fx35di7k_cinephone-2015-sexwax_shortfilms%23tab_embed||target:%20_blank|\"][vc_separator][vc_row_inner][vc_column_inner width=\"1\/4\"][vc_column_text css_animation=\"bounceIn\"]<strong>2nd Prize<\/strong>[\/vc_column_text][\/vc_column_inner][vc_column_inner width=\"1\/4\"][vc_column_text css_animation=\"bounceIn\"]<span style=\"color: #b30000;\"><strong>Acte<\/strong><\/span>[\/vc_column_text][\/vc_column_inner][vc_column_inner width=\"1\/4\"][vc_column_text css_animation=\"bounceIn\"]Alexandre Perez[\/vc_column_text][\/vc_column_inner][vc_column_inner width=\"1\/4\"][vc_column_text css_animation=\"bounceIn\"]Noisy le Grand (France)[\/vc_column_text][\/vc_column_inner][\/vc_row_inner][vc_btn title=\"SEE V\u00cdDEO\" style=\"flat\" color=\"inverse\" align=\"center\" link=\"url:http%3A%2F%2Fwww.dailymotion.com%2Fvideo%2Fx2fe8w8_cinephone-2015-acte_shortfilms%23tab_embed||target:%20_blank|\"][vc_separator][vc_row_inner][vc_column_inner width=\"1\/4\"][vc_column_text css_animation=\"bounceIn\"]<strong>Public Award<br \/>\n<\/strong>[\/vc_column_text][\/vc_column_inner][vc_column_inner width=\"1\/4\"][vc_column_text css_animation=\"bounceIn\"]<span style=\"color: #b30000;\"><strong>Escape<\/strong><\/span>[\/vc_column_text][\/vc_column_inner][vc_column_inner width=\"1\/4\"][vc_column_text css_animation=\"bounceIn\"]Ivan Albacete[\/vc_column_text][\/vc_column_inner][vc_column_inner width=\"1\/4\"][vc_column_text css_animation=\"bounceIn\"]Sabadell (Spain)[\/vc_column_text][\/vc_column_inner][\/vc_row_inner][vc_btn title=\"SEE V\u00cdDEO\" style=\"flat\" color=\"inverse\" align=\"center\" link=\"url:http%3A%2F%2Fwww.dailymotion.com%2Fvideo%2Fx33a8ze_cinephone-2015-e-scape_shortfilms%23tab_embed||target:%20_blank|\"][vc_separator][vc_row_inner][vc_column_inner width=\"1\/4\"][vc_column_text css_animation=\"bounceIn\"]<strong>Best Script<\/strong>[\/vc_column_text][\/vc_column_inner][vc_column_inner width=\"1\/4\"][vc_column_text css_animation=\"bounceIn\"]<span style=\"color: #b30000;\"><strong>Bubbles don't lie<\/strong><\/span>[\/vc_column_text][\/vc_column_inner][vc_column_inner width=\"1\/4\"][vc_column_text css_animation=\"bounceIn\"]Stepan Etrych[\/vc_column_text][\/vc_column_inner][vc_column_inner width=\"1\/4\"][vc_column_text css_animation=\"bounceIn\"]Praga (Czech Republic)[\/vc_column_text][\/vc_column_inner][\/vc_row_inner][vc_btn title=\"SEE V\u00cdDEO\" style=\"flat\" color=\"inverse\" align=\"center\" link=\"url:http%3A%2F%2Fwww.dailymotion.com%2Fvideo%2Fx37fj5w_cinephone-2015-bubbles-don-t-lie_shortfilms%23tab_embed||target:%20_blank|\"][vc_separator][vc_row_inner][vc_column_inner width=\"1\/4\"][vc_column_text css_animation=\"bounceIn\"]<strong>Special Mention<\/strong>[\/vc_column_text][\/vc_column_inner][vc_column_inner width=\"1\/4\"][vc_column_text css_animation=\"bounceIn\"]<span style=\"color: #b30000;\"><strong>Sector Zero 4<\/strong><\/span>[\/vc_column_text][\/vc_column_inner][vc_column_inner width=\"1\/4\"][vc_column_text css_animation=\"bounceIn\"]Alfonso Garcia[\/vc_column_text][\/vc_column_inner][vc_column_inner width=\"1\/4\"][vc_column_text css_animation=\"bounceIn\"]Madrid (Spain)[\/vc_column_text][\/vc_column_inner][\/vc_row_inner][vc_btn title=\"SEE V\u00cdDEO\" style=\"flat\" color=\"inverse\" align=\"center\" link=\"url:http%3A%2F%2Fwww.dailymotion.com%2Fvideo%2Fx2msikg_cinephone-2015-sector-zero-4_shortfilms%23tab_embed||target:%20_blank|\"][vc_separator][vc_empty_space height=\"40\"][\/vc_tta_section][vc_tta_section title=\"2014\" tab_id=\"1495712860978-adb9fe91-6ea5\"][vc_empty_space height=\"40\"][vc_custom_heading text=\"2014\" font_container=\"tag:h2|text_align:center|color:%23ffffff\" google_fonts=\"font_family:Montserrat%3Aregular%2C700|font_style:400%20regular%3A400%3Anormal\"][vc_empty_space height=\"25\"][vc_separator][vc_custom_heading text=\"JURY\" font_container=\"tag:h4|font_size:40|text_align:center|color:%23ffffff\" google_fonts=\"font_family:Montserrat%3Aregular%2C700|font_style:400%20regular%3A400%3Anormal\" css_animation=\"fadeIn\"][vc_empty_space height=\"40\"][vc_row_inner][vc_column_inner width=\"1\/2\"][vc_single_image image=\"588\" alignment=\"center\" style=\"vc_box_shadow_circle_2\" css_animation=\"bounceIn\"][vc_custom_heading text=\"Conrad Mess\" font_container=\"tag:p|font_size:25|text_align:center\" google_fonts=\"font_family:Montserrat%3Aregular%2C700|font_style:400%20regular%3A400%3Anormal\" css_animation=\"fadeIn\"][vc_column_text css_animation=\"fadeIn\"]<\/p>\n<p style=\"text-align: center;\">Director of Me.S.S. Filmakers and smartphone film making in Zaragoza<\/p>\n<p>[\/vc_column_text][vc_empty_space height=\"15\"][vc_single_image image=\"590\" alignment=\"center\" style=\"vc_box_shadow_circle_2\" css_animation=\"bounceIn\"][vc_custom_heading text=\"Susy Botello\" font_container=\"tag:p|font_size:25|text_align:center\" google_fonts=\"font_family:Montserrat%3Aregular%2C700|font_style:400%20regular%3A400%3Anormal\" css_animation=\"fadeIn\"][vc_column_text css_animation=\"fadeIn\"]<\/p>\n<p style=\"text-align: center;\">CEO of SBP productions and Director of San diego's Mobile film festival<\/p>\n<p>[\/vc_column_text][\/vc_column_inner][vc_column_inner width=\"1\/2\"][vc_single_image image=\"589\" alignment=\"center\" style=\"vc_box_shadow_circle_2\" css_animation=\"bounceIn\"][vc_custom_heading text=\"Max Schleser\" font_container=\"tag:p|font_size:25|text_align:center\" google_fonts=\"font_family:Montserrat%3Aregular%2C700|font_style:400%20regular%3A400%3Anormal\" css_animation=\"fadeIn\"][vc_column_text css_animation=\"fadeIn\"]<\/p>\n<p style=\"text-align: center;\">Cofounder of MINA and '24 frames 24 hors' at the university of Massey in Wellington (New Zealand)<\/p>\n<p>[\/vc_column_text][\/vc_column_inner][\/vc_row_inner][vc_empty_space height=\"15\"][vc_separator][vc_custom_heading text=\"AWARDS\" font_container=\"tag:h4|font_size:40|text_align:center|color:%23ffffff\" google_fonts=\"font_family:Montserrat%3Aregular%2C700|font_style:400%20regular%3A400%3Anormal\" css_animation=\"fadeIn\"][vc_empty_space height=\"40\"][vc_row_inner][vc_column_inner][vc_images_carousel images=\"259,260,261,262,263\" img_size=\"1300X400\" onclick=\"link_no\" autoplay=\"yes\" hide_prev_next_buttons=\"yes\"][\/vc_column_inner][\/vc_row_inner][vc_empty_space height=\"40\"][vc_row_inner][vc_column_inner width=\"1\/4\"][\/vc_column_inner][vc_column_inner width=\"1\/4\"][vc_column_text css_animation=\"bounceIn\"]<\/p>\n<h5><span style=\"color: #ffffff;\"><strong>TITLE<\/strong><\/span><\/h5>\n<p>[\/vc_column_text][\/vc_column_inner][vc_column_inner width=\"1\/4\"][vc_column_text css_animation=\"bounceIn\"]<\/p>\n<h5><span style=\"color: #ffffff;\"><strong>PRODUCER<\/strong><\/span><\/h5>\n<p>[\/vc_column_text][\/vc_column_inner][vc_column_inner width=\"1\/4\"][vc_column_text css_animation=\"bounceIn\"]<\/p>\n<h5><span style=\"color: #ffffff;\"><strong>COUNTRY<\/strong><\/span><\/h5>\n<p>[\/vc_column_text][\/vc_column_inner][\/vc_row_inner][vc_separator][vc_row_inner][vc_column_inner width=\"1\/4\"][vc_column_text css_animation=\"bounceIn\"]<strong>1st Prize<\/strong>[\/vc_column_text][\/vc_column_inner][vc_column_inner width=\"1\/4\"][vc_column_text css_animation=\"bounceIn\"]<span style=\"color: #b30000;\"><strong>La boca del le\u00f3n<\/strong><\/span>[\/vc_column_text][\/vc_column_inner][vc_column_inner width=\"1\/4\"][vc_column_text css_animation=\"bounceIn\"]Geofilms[\/vc_column_text][\/vc_column_inner][vc_column_inner width=\"1\/4\"][vc_column_text css_animation=\"bounceIn\"]Madrid (Spain)[\/vc_column_text][\/vc_column_inner][\/vc_row_inner][vc_btn title=\"1st Place\" style=\"flat\" color=\"warning\" align=\"center\" link=\"url:http%3A%2F%2Fwww.dailymotion.com%2Fvideo%2Fx1iix5v_cinephone-2014-la-boca-del-leon_shortfilms%23tab_embed||target:%20_blank|\"][vc_separator][vc_row_inner][vc_column_inner width=\"1\/4\"][vc_column_text css_animation=\"bounceIn\"]<strong>2nd Prize<br \/>\n<\/strong>[\/vc_column_text][\/vc_column_inner][vc_column_inner width=\"1\/4\"][vc_column_text css_animation=\"bounceIn\"]<strong><span style=\"color: #b30000;\">Fly Away<\/span><\/strong>[\/vc_column_text][\/vc_column_inner][vc_column_inner width=\"1\/4\"][vc_column_text css_animation=\"bounceIn\"]Luis E. Juarez[\/vc_column_text][\/vc_column_inner][vc_column_inner width=\"1\/4\"][vc_column_text css_animation=\"bounceIn\"]Los Angeles (United States)[\/vc_column_text][\/vc_column_inner][\/vc_row_inner][vc_btn title=\"SEE V\u00cdDEO\" style=\"flat\" color=\"inverse\" align=\"center\" link=\"url:http%3A%2F%2Fwww.dailymotion.com%2Fvideo%2Fx24taqs_christafari-fly-away-official-music-video-shot-on-iphone-5s-backwards_shortfilms%23tab_embed||target:%20_blank|\"][vc_separator][vc_row_inner][vc_column_inner width=\"1\/4\"][vc_column_text css_animation=\"bounceIn\"]<strong>Public Award<br \/>\n<\/strong>[\/vc_column_text][\/vc_column_inner][vc_column_inner width=\"1\/4\"][vc_column_text css_animation=\"bounceIn\"]<span style=\"color: #b30000;\"><strong>Intrusos<\/strong><\/span>[\/vc_column_text][\/vc_column_inner][vc_column_inner width=\"1\/4\"][vc_column_text css_animation=\"bounceIn\"]Ivan Mourin[\/vc_column_text][\/vc_column_inner][vc_column_inner width=\"1\/4\"][vc_column_text css_animation=\"bounceIn\"]Calafell (Spain)[\/vc_column_text][\/vc_column_inner][\/vc_row_inner][vc_btn title=\"SEE V\u00cdDEO\" style=\"flat\" color=\"inverse\" align=\"center\" link=\"url:http%3A%2F%2Fwww.dailymotion.com%2Fvideo%2Fx21flbg_cinephone-2014-intrusos_shortfilms%23tab_embed||target:%20_blank|\"][vc_separator][vc_row_inner][vc_column_inner width=\"1\/4\"][vc_column_text css_animation=\"bounceIn\"]<strong>Best Script<\/strong>[\/vc_column_text][\/vc_column_inner][vc_column_inner width=\"1\/4\"][vc_column_text css_animation=\"bounceIn\"]<span style=\"color: #b30000;\"><strong>How to rob a house<\/strong><\/span>[\/vc_column_text][\/vc_column_inner][vc_column_inner width=\"1\/4\"][vc_column_text css_animation=\"bounceIn\"]Adi Spektor\/ Scott Baker[\/vc_column_text][\/vc_column_inner][vc_column_inner width=\"1\/4\"][vc_column_text css_animation=\"bounceIn\"]Los Angeles (United States)[\/vc_column_text][\/vc_column_inner][\/vc_row_inner][vc_btn title=\"SEE V\u00cdDEO\" style=\"flat\" color=\"inverse\" align=\"center\" link=\"url:http%3A%2F%2Fwww.dailymotion.com%2Fvideo%2Fx22g74b_cinephone-2014-how-to-rob-a-house-trailer_shortfilms%23tab_embed||target:%20_blank|\"][vc_separator][vc_row_inner][vc_column_inner width=\"1\/4\"][vc_column_text css_animation=\"bounceIn\"]Best Photography[\/vc_column_text][\/vc_column_inner][vc_column_inner width=\"1\/4\"][vc_column_text css_animation=\"bounceIn\"]<span style=\"color: #b30000;\"><strong>Magic Bullet<\/strong><\/span>[\/vc_column_text][\/vc_column_inner][vc_column_inner width=\"1\/4\"][vc_column_text css_animation=\"bounceIn\"]Errol Schwartz[\/vc_column_text][\/vc_column_inner][vc_column_inner width=\"1\/4\"][vc_column_text css_animation=\"bounceIn\"]Cape Town (South Africa)[\/vc_column_text][\/vc_column_inner][\/vc_row_inner][vc_btn title=\"SEE V\u00cdDEO\" style=\"flat\" color=\"inverse\" align=\"center\" link=\"url:http%3A%2F%2Fwww.dailymotion.com%2Fvideo%2Fx1kn1od_cinephone-2014-magic-bullet_shortfilms%23tab_embed||target:%20_blank|\"][vc_separator][vc_row_inner][vc_column_inner width=\"1\/4\"][vc_column_text css_animation=\"bounceIn\"]<strong>Best Actor<\/strong>[\/vc_column_text][\/vc_column_inner][vc_column_inner width=\"1\/4\"][vc_column_text css_animation=\"bounceIn\"]<span style=\"color: #b30000;\"><strong>The Passing<\/strong><\/span>[\/vc_column_text][\/vc_column_inner][vc_column_inner width=\"1\/4\"][vc_column_text css_animation=\"bounceIn\"]Sam Ciurdar[\/vc_column_text][\/vc_column_inner][vc_column_inner width=\"1\/4\"][vc_column_text css_animation=\"bounceIn\"]Corona (Unites States)[\/vc_column_text][\/vc_column_inner][\/vc_row_inner][vc_btn title=\"SEE V\u00cdDEO\" style=\"flat\" color=\"inverse\" align=\"center\" link=\"url:http%3A%2F%2Fwww.dailymotion.com%2Fvideo%2Fx22f673_cinephone-2014-the-passing_shortfilms%23tab_embed||target:%20_blank|\"][vc_separator][vc_empty_space height=\"40\"][\/vc_tta_section][vc_tta_section title=\"2013\" tab_id=\"1495712354822-1f1e1ca3-bfd1\"][vc_empty_space height=\"40\"][vc_custom_heading text=\"2013\" font_container=\"tag:h2|text_align:center|color:%23ffffff\" google_fonts=\"font_family:Montserrat%3Aregular%2C700|font_style:400%20regular%3A400%3Anormal\"][vc_empty_space height=\"25\"][vc_separator][vc_custom_heading text=\"JURY\" font_container=\"tag:h4|font_size:40|text_align:center|color:%23ffffff\" google_fonts=\"font_family:Montserrat%3Aregular%2C700|font_style:400%20regular%3A400%3Anormal\" css_animation=\"fadeIn\"][vc_empty_space height=\"40\"][vc_row_inner][vc_column_inner width=\"1\/2\"][vc_single_image image=\"581\" alignment=\"center\" style=\"vc_box_shadow_circle_2\" css_animation=\"bounceIn\"][vc_custom_heading text=\"Jorge Serna\" font_container=\"tag:p|font_size:25|text_align:center\" google_fonts=\"font_family:Montserrat%3Aregular%2C700|font_style:400%20regular%3A400%3Anormal\" css_animation=\"fadeIn\"][vc_column_text css_animation=\"fadeIn\"]<\/p>\n<p style=\"text-align: center;\">President of the Asturias fanterror association<\/p>\n<p>[\/vc_column_text][vc_empty_space height=\"15\"][vc_single_image image=\"583\" alignment=\"center\" style=\"vc_box_shadow_circle_2\" css_animation=\"bounceIn\"][vc_custom_heading text=\"Tony Myers\" font_container=\"tag:p|font_size:25|text_align:center\" google_fonts=\"font_family:Montserrat%3Aregular%2C700|font_style:400%20regular%3A400%3Anormal\" css_animation=\"fadeIn\"][vc_column_text css_animation=\"fadeIn\"]<\/p>\n<p style=\"text-align: center;\">Smartmoviemaking blogger and writer at 'The Guardian'<\/p>\n<p>[\/vc_column_text][\/vc_column_inner][vc_column_inner width=\"1\/2\"][vc_single_image image=\"582\" alignment=\"center\" style=\"vc_box_shadow_circle_2\" css_animation=\"bounceIn\"][vc_custom_heading text=\"Luis Eduardo Juarez\" font_container=\"tag:p|font_size:25|text_align:center\" google_fonts=\"font_family:Montserrat%3Aregular%2C700|font_style:400%20regular%3A400%3Anormal\" css_animation=\"fadeIn\"][vc_column_text css_animation=\"fadeIn\"]<\/p>\n<p style=\"text-align: center;\">Director of the San Diego Indiefone film festival<\/p>\n<p>[\/vc_column_text][\/vc_column_inner][\/vc_row_inner][vc_empty_space height=\"15\"][vc_separator][vc_custom_heading text=\"AWARDS\" font_container=\"tag:h4|font_size:40|text_align:center|color:%23ffffff\" google_fonts=\"font_family:Montserrat%3Aregular%2C700|font_style:400%20regular%3A400%3Anormal\" css_animation=\"fadeIn\"][vc_empty_space height=\"40\"][vc_row_inner][vc_column_inner][vc_images_carousel images=\"247,248,249,250,251,252,253,254\" img_size=\"1300X400\" autoplay=\"yes\" hide_prev_next_buttons=\"yes\"][\/vc_column_inner][\/vc_row_inner][vc_empty_space height=\"40\"][vc_row_inner][vc_column_inner width=\"1\/4\"][\/vc_column_inner][vc_column_inner width=\"1\/4\"][vc_column_text css_animation=\"bounceIn\"]<\/p>\n<h5><span style=\"color: #ffffff;\"><strong>TITLE<\/strong><\/span><\/h5>\n<p>[\/vc_column_text][\/vc_column_inner][vc_column_inner width=\"1\/4\"][vc_column_text css_animation=\"bounceIn\"]<\/p>\n<h5><span style=\"color: #ffffff;\"><strong>PRODUCER<\/strong><\/span><\/h5>\n<p>[\/vc_column_text][\/vc_column_inner][vc_column_inner width=\"1\/4\"][vc_column_text css_animation=\"bounceIn\"]<\/p>\n<h5><span style=\"color: #ffffff;\"><strong>COUNTRY<\/strong><\/span><\/h5>\n<p>[\/vc_column_text][\/vc_column_inner][\/vc_row_inner][vc_separator][vc_row_inner][vc_column_inner width=\"1\/4\"][vc_column_text css_animation=\"bounceIn\"]<strong>1st Prize<br \/>\n<\/strong>[\/vc_column_text][\/vc_column_inner][vc_column_inner width=\"1\/4\"][vc_column_text css_animation=\"bounceIn\"]<strong><span style=\"color: #b30000;\">The asking room<\/span><\/strong>[\/vc_column_text][\/vc_column_inner][vc_column_inner width=\"1\/4\"][vc_column_text css_animation=\"bounceIn\"]Mess Film Makers[\/vc_column_text][\/vc_column_inner][vc_column_inner width=\"1\/4\"][vc_column_text css_animation=\"bounceIn\"]Zaragoza (Spain)[\/vc_column_text][\/vc_column_inner][\/vc_row_inner][vc_btn title=\"1st Place\" style=\"flat\" color=\"warning\" align=\"center\" link=\"url:http%3A%2F%2Fwww.dailymotion.com%2Fvideo%2Fx1ij046_cinephone-2013-the-asking-room_creation%23tab_embed||target:%20_blank|\"][vc_separator][vc_row_inner][vc_column_inner width=\"1\/4\"][vc_column_text css_animation=\"bounceIn\"]<strong>2nd Prize<\/strong>[\/vc_column_text][\/vc_column_inner][vc_column_inner width=\"1\/4\"][vc_column_text css_animation=\"bounceIn\"]<strong><span style=\"color: #b30000;\">The Editor<\/span><\/strong>[\/vc_column_text][\/vc_column_inner][vc_column_inner width=\"1\/4\"][vc_column_text css_animation=\"bounceIn\"]Chris Nong[\/vc_column_text][\/vc_column_inner][vc_column_inner width=\"1\/4\"][vc_column_text css_animation=\"bounceIn\"]Los Angeles (United States)[\/vc_column_text][\/vc_column_inner][\/vc_row_inner][vc_btn title=\"SEE V\u00cdDEO\" style=\"flat\" color=\"inverse\" align=\"center\" link=\"url:http%3A%2F%2Fwww.dailymotion.com%2Fvideo%2Fx1iiyqa_cinephone-2013-the-editor_creation%23tab_embed||target:%20_blank|\"][vc_separator][vc_row_inner][vc_column_inner width=\"1\/4\"][vc_column_text css_animation=\"bounceIn\"]<strong>Public Award<\/strong>[\/vc_column_text][\/vc_column_inner][vc_column_inner width=\"1\/4\"][vc_column_text css_animation=\"bounceIn\"]<span style=\"color: #b30000;\"><strong>Soy un h\u00e9roe<\/strong><\/span>[\/vc_column_text][\/vc_column_inner][vc_column_inner width=\"1\/4\"][vc_column_text css_animation=\"bounceIn\"]Juan Alfredo Amil[\/vc_column_text][\/vc_column_inner][vc_column_inner width=\"1\/4\"][vc_column_text css_animation=\"bounceIn\"]Santiago Teide (Spain)[\/vc_column_text][\/vc_column_inner][\/vc_row_inner][vc_btn title=\"SEE V\u00cdDEO\" style=\"flat\" color=\"inverse\" align=\"center\" link=\"url:http%3A%2F%2Fwww.dailymotion.com%2Fvideo%2Fx1iizfc_cinephone-2013-soy-un-heroe_creation%23tab_embed||target:%20_blank|\"][vc_separator][vc_row_inner][vc_column_inner width=\"1\/4\"][vc_column_text css_animation=\"bounceIn\"]Special Mention[\/vc_column_text][\/vc_column_inner][vc_column_inner width=\"1\/4\"][vc_column_text css_animation=\"bounceIn\"]<span style=\"color: #b30000;\"><strong>Framed<\/strong><\/span>[\/vc_column_text][\/vc_column_inner][vc_column_inner width=\"1\/4\"][vc_column_text css_animation=\"bounceIn\"]Mael Sevestre[\/vc_column_text][\/vc_column_inner][vc_column_inner width=\"1\/4\"][vc_column_text css_animation=\"bounceIn\"]Annecy (France)[\/vc_column_text][\/vc_column_inner][\/vc_row_inner][vc_btn title=\"SEE V\u00cdDEO\" style=\"flat\" color=\"inverse\" align=\"center\" link=\"url:http%3A%2F%2Fwww.dailymotion.com%2Fvideo%2Fx1iizjd_cinephone-2013-framed_creation%23tab_embed||target:%20_blank|\"][vc_separator][vc_empty_space height=\"40\"][\/vc_tta_section][vc_tta_section title=\"2012\" tab_id=\"1495710733273-573d1650-6c6c\"][vc_empty_space height=\"40\"][vc_custom_heading text=\"2012\" font_container=\"tag:h2|text_align:center|color:%23ffffff\" google_fonts=\"font_family:Montserrat%3Aregular%2C700|font_style:400%20regular%3A400%3Anormal\"][vc_empty_space height=\"25\"][vc_column_text]The first edition of the cinephone awards.[\/vc_column_text][vc_empty_space height=\"25\"][vc_separator][vc_custom_heading text=\"JURY\" font_container=\"tag:h4|font_size:40|text_align:center|color:%23ffffff\" google_fonts=\"font_family:Montserrat%3Aregular%2C700|font_style:400%20regular%3A400%3Anormal\" css_animation=\"fadeIn\"][vc_empty_space height=\"40\"][vc_row_inner][vc_column_inner width=\"1\/2\"][vc_custom_heading text=\"Dani Hernandez Massegu\" font_container=\"tag:p|font_size:25|text_align:center\" google_fonts=\"font_family:Montserrat%3Aregular%2C700|font_style:400%20regular%3A400%3Anormal\" css_animation=\"fadeIn\"][vc_custom_heading text=\"Francesc Parcerisa\" font_container=\"tag:p|font_size:25|text_align:center\" google_fonts=\"font_family:Montserrat%3Aregular%2C700|font_style:400%20regular%3A400%3Anormal\" css_animation=\"fadeIn\"][\/vc_column_inner][vc_column_inner width=\"1\/2\"][vc_custom_heading text=\"Ramon Grane\" font_container=\"tag:p|font_size:25|text_align:center\" google_fonts=\"font_family:Montserrat%3Aregular%2C700|font_style:400%20regular%3A400%3Anormal\" css_animation=\"fadeIn\"][vc_custom_heading text=\"Josep Escude\" font_container=\"tag:p|font_size:25|text_align:center\" google_fonts=\"font_family:Montserrat%3Aregular%2C700|font_style:400%20regular%3A400%3Anormal\" css_animation=\"fadeIn\"][\/vc_column_inner][\/vc_row_inner][vc_empty_space height=\"15\"][vc_separator][vc_custom_heading text=\"AWARDS\" font_container=\"tag:h4|font_size:40|text_align:center|color:%23ffffff\" google_fonts=\"font_family:Montserrat%3Aregular%2C700|font_style:400%20regular%3A400%3Anormal\" css_animation=\"fadeIn\"][vc_empty_space height=\"40\"][vc_row_inner][vc_column_inner width=\"1\/2\"][vc_single_image image=\"228\" img_size=\"large\" alignment=\"right\" style=\"vc_box_shadow\"][\/vc_column_inner][vc_column_inner width=\"1\/2\"][vc_single_image image=\"230\" img_size=\"large\" style=\"vc_box_shadow\"][\/vc_column_inner][\/vc_row_inner][vc_row_inner][vc_column_inner width=\"1\/4\"][\/vc_column_inner][vc_column_inner width=\"1\/4\"][vc_column_text css_animation=\"bounceIn\"]<\/p>\n<h5><span style=\"color: #ffffff;\"><strong>TITLE<\/strong><\/span><\/h5>\n<p>[\/vc_column_text][\/vc_column_inner][vc_column_inner width=\"1\/4\"][vc_column_text css_animation=\"bounceIn\"]<\/p>\n<h5><span style=\"color: #ffffff;\"><strong>PRODUCER<\/strong><\/span><\/h5>\n<p>[\/vc_column_text][\/vc_column_inner][vc_column_inner width=\"1\/4\"][vc_column_text css_animation=\"bounceIn\"]<\/p>\n<h5><span style=\"color: #ffffff;\"><strong>COUNTRY<\/strong><\/span><\/h5>\n<p>[\/vc_column_text][\/vc_column_inner][\/vc_row_inner][vc_separator][vc_row_inner][vc_column_inner width=\"1\/4\"][vc_column_text css_animation=\"bounceIn\"]<strong>1st Prize<\/strong>[\/vc_column_text][\/vc_column_inner][vc_column_inner width=\"1\/4\"][vc_column_text css_animation=\"bounceIn\"]<span style=\"color: #b30000;\"><strong><em>The Fixer<\/em><\/strong><\/span>[\/vc_column_text][\/vc_column_inner][vc_column_inner width=\"1\/4\"][vc_column_text css_animation=\"bounceIn\"]Mess Film Makers[\/vc_column_text][\/vc_column_inner][vc_column_inner width=\"1\/4\"][vc_column_text css_animation=\"bounceIn\"]Zaragoza (Spain)[\/vc_column_text][\/vc_column_inner][\/vc_row_inner][vc_btn title=\"1st Place\" style=\"flat\" color=\"warning\" align=\"center\" link=\"url:http%3A%2F%2Fwww.dailymotion.com%2Fvideo%2Fx1iquz0_cinephone-2012-the-fixer_shortfilms%23tab_embed||target:%20_blank|\"][vc_separator][vc_row_inner][vc_column_inner width=\"1\/4\"][vc_column_text css_animation=\"bounceIn\"]<strong>2nd Prize<\/strong>[\/vc_column_text][\/vc_column_inner][vc_column_inner width=\"1\/4\"][vc_column_text css_animation=\"bounceIn\"]<span style=\"color: #b30000;\"><strong><em>Se verlas al rev\u00e9s<\/em><\/strong><\/span>[\/vc_column_text][\/vc_column_inner][vc_column_inner width=\"1\/4\"][vc_column_text css_animation=\"bounceIn\"]Pablo Arreba[\/vc_column_text][\/vc_column_inner][vc_column_inner width=\"1\/4\"][vc_column_text css_animation=\"bounceIn\"]Madrid (Spain)[\/vc_column_text][\/vc_column_inner][\/vc_row_inner][vc_btn title=\"SEE V\u00cdDEO\" style=\"flat\" color=\"inverse\" align=\"center\" link=\"url:http%3A%2F%2Fwww.dailymotion.com%2Fvideo%2Fx1iqiee_cinephone-2012-se-verlas-al-reves_shortfilms%23tab_embed||target:%20_blank|\"][vc_separator][vc_row_inner][vc_column_inner width=\"1\/4\"][vc_column_text css_animation=\"bounceIn\"]<strong>Public Award<br \/>\n<\/strong>[\/vc_column_text][\/vc_column_inner][vc_column_inner width=\"1\/4\"][vc_column_text css_animation=\"bounceIn\"]<span style=\"color: #b30000;\"><strong><em>Frustrado<\/em><\/strong><\/span>[\/vc_column_text][\/vc_column_inner][vc_column_inner width=\"1\/4\"][vc_column_text css_animation=\"bounceIn\"]Eyes Ice Cream[\/vc_column_text][\/vc_column_inner][vc_column_inner width=\"1\/4\"][vc_column_text css_animation=\"bounceIn\"]Cornella de Llobregat (Spain)[\/vc_column_text][\/vc_column_inner][\/vc_row_inner][vc_btn title=\"SEE V\u00cdDEO\" style=\"flat\" color=\"inverse\" align=\"center\" link=\"url:http%3A%2F%2Fwww.dailymotion.com%2Fvideo%2Fx1iriyq_cinephone-2012-frustrado_shortfilms%23tab_embed||target:%20_blank|\"][vc_separator][vc_row_inner][vc_column_inner width=\"1\/4\"][vc_column_text css_animation=\"bounceIn\"]<strong>Special Mention<\/strong>[\/vc_column_text][\/vc_column_inner][vc_column_inner width=\"1\/4\"][vc_column_text css_animation=\"bounceIn\"]<span style=\"color: #b30000;\"><strong><em>Treu-te la bena dels ulls<\/em><\/strong><\/span>[\/vc_column_text][\/vc_column_inner][vc_column_inner width=\"1\/4\"][vc_column_text css_animation=\"bounceIn\"]Meritxell Royuela Juncadella[\/vc_column_text][\/vc_column_inner][vc_column_inner width=\"1\/4\"][vc_column_text css_animation=\"bounceIn\"]Manresa (Spain)[\/vc_column_text][\/vc_column_inner][\/vc_row_inner][vc_btn title=\"SEE V\u00cdDEO\" style=\"flat\" color=\"inverse\" align=\"center\" link=\"url:http%3A%2F%2Fwww.dailymotion.com%2Fvideo%2Fx1lb70e_cinephone-2012-treu-te-la-bena-dels-ulls_creation||target:%20_blank|\"][vc_separator][vc_empty_space height=\"40\"][\/vc_tta_section][\/vc_tta_tabs][\/vc_column][\/vc_row][vc_row][vc_column][\/vc_column][\/vc_row]<\/p>","protected":false},"excerpt":{"rendered":"<p>[vc_row css=\".vc_custom_1496919271871{margin-top: -30px !important;margin-bottom: -80px !important;}\"][vc_column][vc_empty_space][vc_custom_heading source=\"post_title\" font_container=\"tag:h1|font_size:45|text_align:center\" google_fonts=\"font_family:Montserrat%3Aregular%2C700|font_style:700%20bold%20regular%3A700%3Anormal\" css_animation=\"fadeIn\"][\/vc_column][\/vc_row][vc_row][vc_column][vc_tta_tabs style=\"flat\" shape=\"square\" color=\"black\" active_section=\"1\" css=\".vc_custom_1496137645516{margin-top: -100px !important;}\"][vc_tta_section title=\"2020\" tab_id=\"1496413693422-0399232f-97cf\"][vc_empty_space height=\"40\"][vc_custom_heading text=\"2020\" font_container=\"tag:h2|text_align:center|color:%23ffffff\" google_fonts=\"font_family:Montserrat%3Aregular%2C700|font_style:400%20regular%3A400%3Anormal\"][vc_empty_space height=\"25\"][vc_separator][vc_custom_heading text=\"THE...<\/p>\n","protected":false},"author":1,"featured_media":0,"parent":0,"menu_order":0,"comment_status":"closed","ping_status":"closed","template":"","meta":{"_exactmetrics_skip_tracking":false,"_exactmetrics_sitenote_active":false,"_exactmetrics_sitenote_note":"","_exactmetrics_sitenote_category":0,"footnotes":""},"class_list":["post-222","page","type-page","status-publish","hentry"],"_links":{"self":[{"href":"https:\/\/cinephone.es\/en\/wp-json\/wp\/v2\/pages\/222","targetHints":{"allow":["GET"]}}],"collection":[{"href":"https:\/\/cinephone.es\/en\/wp-json\/wp\/v2\/pages"}],"about":[{"href":"https:\/\/cinephone.es\/en\/wp-json\/wp\/v2\/types\/page"}],"author":[{"embeddable":true,"href":"https:\/\/cinephone.es\/en\/wp-json\/wp\/v2\/users\/1"}],"replies":[{"embeddable":true,"href":"https:\/\/cinephone.es\/en\/wp-json\/wp\/v2\/comments?post=222"}],"version-history":[{"count":138,"href":"https:\/\/cinephone.es\/en\/wp-json\/wp\/v2\/pages\/222\/revisions"}],"predecessor-version":[{"id":1718,"href":"https:\/\/cinephone.es\/en\/wp-json\/wp\/v2\/pages\/222\/revisions\/1718"}],"wp:attachment":[{"href":"https:\/\/cinephone.es\/en\/wp-json\/wp\/v2\/media?parent=222"}],"curies":[{"name":"wp","href":"https:\/\/api.w.org\/{rel}","templated":true}]}}